{"id":13966,"date":"2025-02-19T12:40:08","date_gmt":"2025-02-19T11:40:08","guid":{"rendered":"https:\/\/xn--entroidodevilariodeconso-glc.gal\/?page_id=13966"},"modified":"2025-02-19T13:13:13","modified_gmt":"2025-02-19T12:13:13","slug":"aviso-legal","status":"publish","type":"page","link":"https:\/\/xn--entroidodevilariodeconso-glc.gal\/gl\/aviso-legal\/","title":{"rendered":"Aviso legal"},"content":{"rendered":"<div data-elementor-type=\"wp-page\" data-elementor-id=\"13966\" class=\"elementor elementor-13966\">\n\t\t\t\t\t\t<section class=\"elementor-section elementor-top-section elementor-element elementor-element-56be46a elementor-section-boxed elementor-section-height-default elementor-section-height-default\" data-id=\"56be46a\" data-element_type=\"section\">\n\t\t\t\t\t\t<div class=\"elementor-container elementor-column-gap-default\">\n\t\t\t\t\t<div class=\"elementor-column elementor-col-100 elementor-top-column elementor-element elementor-element-047042a\" data-id=\"047042a\" data-element_type=\"column\">\n\t\t\t<div class=\"elementor-widget-wrap elementor-element-populated\">\n\t\t\t\t\t\t<div class=\"elementor-element elementor-element-e1ffa6a elementor-widget elementor-widget-text-editor\" data-id=\"e1ffa6a\" data-element_type=\"widget\" data-widget_type=\"text-editor.default\">\n\t\t\t\t<div class=\"elementor-widget-container\">\n\t\t\t\t\t\t\t\t\t<p>Le atentamente os Termos e Condici\u00f3ns que constan neste documento, xa que o uso deste sitio web implica a aceptaci\u00f3n expresa e plena dos mesmos, na versi\u00f3n publicada no momento no que accedes a todas e cada unha das p\u00e1xinas web localizables baixo o dominio vilarinodeconso.es e os seus respectivos subdominios e subdirectorios. Recomend\u00e1mosche que volvas ler este documento cada vez que accedas ao sitio web para comprobar se houbo cambios nas condici\u00f3ns de uso e que abandones o sitio se non est\u00e1s de acordo con ditos cambios. Se consideramos que certas modificaci\u00f3ns son importantes, actualizaremos a data de \"\u00daltima modificaci\u00f3n\" na parte superior desta p\u00e1xina. Toda persoa que acceda a este sitio web asume o papel de usuario, compromet\u00e9ndose \u00e1 observancia e cumprimento rigoroso das disposici\u00f3ns aqu\u00ed establecidas, as\u00ed como de calquera outra disposici\u00f3n legal que fora de aplicaci\u00f3n.<\/p><p><strong>O CONCELLO DE VILARI\u00d1O DE CONSO<\/strong> res\u00e9rvase o dereito de modificar calquera tipo de informaci\u00f3n que poida aparecer no sitio web, sen que exista obriga de preavisar nin de informar os usuarios de ditas obrigas, entend\u00e9ndose como suficiente a publicaci\u00f3n no seu sitio web.<\/p><p><strong>1. IDENTIFICACION<\/strong><\/p><p>En cumprimento do deber de informaci\u00f3n recollido no artigo 10 da Lei 34\/2002, do 11 de xullo, de Servizos da Sociedade da Informaci\u00f3n e de Comercio Electr\u00f3nico, coa lexislaci\u00f3n vixente en materia de protecci\u00f3n de datos, en concreto, a Lei org\u00e1nica 3\/2018, do 5 de decembro, de protecci\u00f3n de datos persoais e garant\u00eda dos dereitos dixitais (LOPDGDD), que fai plenamente efectiva a aplicaci\u00f3n do Regulamento (UE) 2016\/679 do Parlamento Europeo e do Consello do 27 de abril de 2016 relativo \u00e1 protecci\u00f3n das persoas f\u00edsicas no que respecta ao tratamento de datos persoais e \u00e1 libre circulaci\u00f3n destes datos (RGPD), inform\u00e1moslle a continuaci\u00f3n dos nosos datos identificativos e de contacto:<\/p><p><strong> Titular da p\u00e1xina web:<\/strong> CONCELLO DE VILARI\u00d1O DE CONSO (en adiante O CONCELLO) CIF: P3209330G<\/p><p><strong>2. COMUNICACI\u00d3N<\/strong><\/p><p>Para contactar connosco por calquera cuesti\u00f3n relacionada co contido deste Aviso Legal, po\u00f1emos \u00e1 s\u00faa disposici\u00f3n diferentes medios de contacto que detallamos a continuaci\u00f3n:<\/p><p>Tel\u00e9fono: 988 340 302<br \/>Correo electr\u00f3nico: concello@vilarinodeconso.es<br \/>Domicilio Social: Rua del Museo 3; 32557 Vilari\u00f1o de Conso<br \/>P\u00e1xina Web: entroidodevilari\u00f1odeconso.gal<br \/>Delegado de protecci\u00f3n de Datos (DPD): eleonora@edora.es<\/p><p>Todas as notificaci\u00f3ns e comunicaci\u00f3ns facilitadas neste apartado consideraranse eficaces, para todos os efectos, cando se realicen a trav\u00e9s de calquera dos medios detallados anteriormente.<\/p><p>Polo feito de acceder, visualizar ou utilizar os materiais ou servizos accesibles neste sitio web ou a trav\u00e9s del, ou os contidos accesibles noutras p\u00e1xinas web ou aplicaci\u00f3ns inform\u00e1ticas, o usuario manifesta que comprende e acepta este documento como equivalente legal dun documento asinado por escrito e vinculante.<\/p><p><strong>Obrigas do usuario:<\/strong> O Usuario obr\u00edgase a facer un uso correcto da p\u00e1xina web de conformidade coa Lei e co presente Aviso Legal. O Usuario responder\u00e1 fronte ao CONCELLO ou fronte a terceiros de calquera dano e prexu\u00edzo que puidese causar como consecuencia do incumprimento desta obriga.\n\nQueda expresamente prohibido o uso da p\u00e1xina web con fins lesivos para os bens ou intereses do CONCELLO ou de terceiros, ou que dalgunha outra forma sobrecarguen, danen ou inutilicen as redes, servidores e demais equipos inform\u00e1ticos (hardware) ou produtos e aplicaci\u00f3ns inform\u00e1ticas (software) do CONCELLO ou de terceiros.<\/p><p>Queda expresamente prohibido o uso da p\u00e1xina web con fins lesivos para os bens ou intereses do CONCELLO ou de terceiros, ou que dalgunha outra forma sobrecarguen, danen ou inutilicen as redes, servidores e demais equipos inform\u00e1ticos (hardware) ou produtos e aplicaci\u00f3ns inform\u00e1ticas (software) do CONCELLO ou de terceiros.<\/p><p><strong>Direcci\u00f3ns  IP:\u00a0<\/strong>Os servidores do sitio web poder\u00e1n detectar de forma autom\u00e1tica a direcci\u00f3n IP e o nome de dominio utilizados polo usuario. Unha direcci\u00f3n IP \u00e9 un n\u00famero asignado automaticamente a un ordenador cando este se conecta a Internet. Toda esta informaci\u00f3n rex\u00edstrase nun ficheiro de actividade do servidor debidamente inscrito que permite o posterior procesamento dos datos co fin de obter medici\u00f3ns unicamente estat\u00edsticas que permitan co\u00f1ecer o n\u00famero de impresi\u00f3ns de p\u00e1xinas, o n\u00famero de visitas realizadas aos servidores web, a orde de visitas, o punto de acceso, etc.<\/p><p><strong>3. PROPIEDAD INTELECTUAL<\/strong><br \/>\u200b<br \/>A totalidade deste sitio web (descrici\u00f3n de produtos, texto, imaxes, marcas, logotipos, bot\u00f3ns, arquivos, cores, as\u00ed como a estrutura, selecci\u00f3n, ordenaci\u00f3n e presentaci\u00f3n dos seus contidos) son propiedade do CONCELLO ou de terceiros que nos licenciaran ou autorizasen o seu uso. Todos os logotipos, marcas e dese\u00f1os que aparecen nesta p\u00e1xina web forman parte dos dereitos de propiedade intelectual rexistrados por n\u00f3s, quedando prohibida calquera modalidade de explotaci\u00f3n, \u00e9 dicir, a reproduci\u00f3n, distribuci\u00f3n, comunicaci\u00f3n p\u00fablica e transformaci\u00f3n sen a autorizaci\u00f3n expresa. O usuario comprom\u00e9tese a usar os contidos de forma dilixente, correcta e l\u00edcita e, en particular, comprom\u00e9tese a absterse de suprimir ou manipular o copyright e os demais datos identificativos dos dereitos do CONCELLO ou dos seus titulares incorporados aos contidos, as\u00ed como os dispositivos t\u00e9cnicos de protecci\u00f3n ou calquera mecanismos de informaci\u00f3n que puideran inclu\u00edrse nos contidos. As\u00ed mesmo, o usuario absterase de empregar os contidos e, en particular, a informaci\u00f3n de calquera tipo obtida a trav\u00e9s do sitio para remitir publicidade, comunicaci\u00f3ns con fins comerciais, mensaxes non solicitados dirixidos a unha pluralidade de persoas con independencia do seu fin, as\u00ed como absterse de comercializar ou divulgar de calquera modo dita informaci\u00f3n. As\u00ed mesmo, o CONCELLO poder\u00e1 establecer, se o considera oportuno, sen prexu\u00edzo da \u00fanica e exclusiva responsabilidade dos usuarios, os filtros necesarios para evitar que a trav\u00e9s das s\u00faas p\u00e1xinas web poidan vertirse na rede contidos ou opini\u00f3ns, considerados como racistas, xen\u00f3fobos, discriminatorios, pornogr\u00e1ficos, difamatorios ou que, de calquera modo, fomenten a violencia ou a diseminaci\u00f3n de contidos claramente il\u00edcitos ou nocivos.<\/p><p>EL CONCELLO reco\u00f1ece a favor dos seus titulares os correspondentes dereitos de propiedade intelectual e industrial, non implicando a s\u00faa s\u00f3 menci\u00f3n ou aparici\u00f3n no sitio web a existencia de dereitos ou responsabilidade algunha sobre os mesmos, como tampouco respaldo, patrocinio ou recomendaci\u00f3n por parte do mesmo.<\/p><p>Para realizar calquera tipo de observaci\u00f3n respecto a posibles incumprimentos dos dereitos de propiedade intelectual ou industrial, as\u00ed como sobre calquera dos contidos do sitio web, pode facelo a trav\u00e9s do correo electr\u00f3nico concello@vilarinodeconso.es.<\/p><p><strong>4. EXCLUSI\u00d3N DE RESPONSABILIDAD<\/strong><\/p><p>Da informaci\u00f3n: O acceso \u00e1 p\u00e1xina web non implica a obriga por parte do CONCELLO de comprobar a veracidade, exactitude, adecuaci\u00f3n, idoneidade, exhaustividade e actualidade da informaci\u00f3n proporcionada a trav\u00e9s da mesma. Os contidos desta p\u00e1xina son de car\u00e1cter xeral e non constit\u00faen, en ning\u00fan caso, a prestaci\u00f3n dun servizo de asesoramento legal ou fiscal de ning\u00fan tipo, polo que dita informaci\u00f3n resulta insuficiente para a toma de decisi\u00f3ns persoais ou por parte do Usuario. EL CONCELLO non se fai responsable das decisi\u00f3ns tomadas a partir da informaci\u00f3n proporcionada na p\u00e1xina web nin dos danos e prexu\u00edzos ocasionados no Usuario ou terceiros por actuaci\u00f3ns que te\u00f1an como \u00fanico fundamento a informaci\u00f3n obtida na p\u00e1xina web.<\/p><p>Da calidade do servizo: O acceso \u00e1 p\u00e1xina web non implica a obriga por parte do CONCELLO de controlar a ausencia de virus, gusanos ou calquera outro elemento inform\u00e1tico prexudicial. Corresponde ao Usuario, en todo caso, dispo\u00f1er das ferramentas adecuadas para a detecci\u00f3n e desinfecci\u00f3n de programas inform\u00e1ticos prexudiciais. EL CONCELLO non se fai responsable dos danos ocasionados nos equipos inform\u00e1ticos dos Usuarios ou de terceiros durante a prestaci\u00f3n do servizo da p\u00e1xina web.<\/p><p>Da dispo\u00f1ibilidade do servizo: O acceso \u00e1 p\u00e1xina web require servizos e subministraci\u00f3ns de terceiros, inclu\u00eddo o transporte a trav\u00e9s de redes de telecomunicaci\u00f3ns cuxo fiabilidade, calidade, continuidade e funcionamento non corresponde ao CONCELLO. Por conseguinte, os servizos proporcionados a trav\u00e9s da p\u00e1xina web poden ser suspendidos, cancelados ou resultar inaccesibles, con car\u00e1cter previo ou simult\u00e1neo \u00e1 prestaci\u00f3n do servizo da p\u00e1xina web. O CONCELLO non se fai responsable dos danos ou prexu\u00edzos de calquera tipo ocasionados no Usuario que deriven de fallos ou desconexi\u00f3ns nas redes de telecomunicaci\u00f3ns que provoquen a suspensi\u00f3n, cancelaci\u00f3n ou interrupci\u00f3n do servizo da p\u00e1xina web durante a prestaci\u00f3n do mesmo ou con car\u00e1cter previo.<\/p><p><strong>5. LEGISLACI\u00d3N Y JURISDICCI\u00d3N<\/strong><\/p><p>As presentes condici\u00f3ns xerais rexeranse polo que aqu\u00ed se establece e, no seu defecto, polo que establezan as Leis espa\u00f1olas. Para calquera controversia que poida xurdir na interpretaci\u00f3n ou execuci\u00f3n das presentes condici\u00f3ns, o usuario e EL CONCELLO acordan someterse expresamente aos Xulgados e Tribunais que puideran corresponder de conformidade coa lexislaci\u00f3n aplicable.<\/p>\t\t\t\t\t\t\t\t<\/div>\n\t\t\t\t<\/div>\n\t\t\t\t\t<\/div>\n\t\t<\/div>\n\t\t\t\t\t<\/div>\n\t\t<\/section>\n\t\t\t\t<\/div>","protected":false},"excerpt":{"rendered":"<p>Lee atentamente los T\u00e9rminos y Condiciones que constan en este documento, ya que lo uso de este sitio web implica la aceptaci\u00f3n expresa y plena de los mismos, en la versi\u00f3n publicada en el momento en el que accedes a todas y cada una de las p\u00e1ginas web localizables bajo el dominio https:\/\/entroidodevilari\u00f1odeconso.gal\/ y sus [&hellip;]<\/p>","protected":false},"author":1,"featured_media":0,"parent":0,"menu_order":0,"comment_status":"closed","ping_status":"closed","template":"","meta":{"iawp_total_views":14,"footnotes":""},"class_list":["post-13966","page","type-page","status-publish","hentry"],"yoast_head":"<!-- This site is optimized with the Yoast SEO plugin v26.7 - https:\/\/yoast.com\/wordpress\/plugins\/seo\/ -->\n<title>Aviso legal - Entroido Vilari&ntilde;o de Conso<\/title>\n<meta name=\"robots\" content=\"noindex, nofollow\" \/>\n<meta property=\"og:locale\" content=\"gl_ES\" \/>\n<meta property=\"og:type\" content=\"article\" \/>\n<meta property=\"og:title\" content=\"Aviso legal - Entroido Vilari&ntilde;o de Conso\" \/>\n<meta property=\"og:description\" content=\"Lee atentamente los T\u00e9rminos y Condiciones que constan en este documento, ya que lo uso de este sitio web implica la aceptaci\u00f3n expresa y plena de los mismos, en la versi\u00f3n publicada en el momento en el que accedes a todas y cada una de las p\u00e1ginas web localizables bajo el dominio https:\/\/entroidodevilari\u00f1odeconso.gal\/ y sus [&hellip;]\" \/>\n<meta property=\"og:url\" content=\"https:\/\/xn--entroidodevilariodeconso-glc.gal\/gl\/aviso-legal\/\" \/>\n<meta property=\"og:site_name\" content=\"Entroido Vilari&ntilde;o de Conso\" \/>\n<meta property=\"article:publisher\" content=\"https:\/\/www.facebook.com\/EntroidodeVilarinodeConso\" \/>\n<meta property=\"article:modified_time\" content=\"2025-02-19T12:13:13+00:00\" \/>\n<meta property=\"og:image\" content=\"https:\/\/xn--entroidodevilariodeconso-glc.gal\/wp-content\/uploads\/2024\/02\/Entroido-Vilarino-de-Conso.jpg\" \/>\n\t<meta property=\"og:image:width\" content=\"1056\" \/>\n\t<meta property=\"og:image:height\" content=\"750\" \/>\n\t<meta property=\"og:image:type\" content=\"image\/jpeg\" \/>\n<meta name=\"twitter:card\" content=\"summary_large_image\" \/>\n<meta name=\"twitter:site\" content=\"@entroidovdconso\" \/>\n<meta name=\"twitter:label1\" content=\"Tempo de lectura\" \/>\n\t<meta name=\"twitter:data1\" content=\"7 minutos\" \/>\n<script type=\"application\/ld+json\" class=\"yoast-schema-graph\">{\"@context\":\"https:\/\/schema.org\",\"@graph\":[{\"@type\":\"WebPage\",\"@id\":\"https:\/\/xn--entroidodevilariodeconso-glc.gal\/aviso-legal\/\",\"url\":\"https:\/\/xn--entroidodevilariodeconso-glc.gal\/aviso-legal\/\",\"name\":\"Aviso legal - Entroido Vilari&ntilde;o de Conso\",\"isPartOf\":{\"@id\":\"https:\/\/xn--entroidodevilariodeconso-glc.gal\/#website\"},\"datePublished\":\"2025-02-19T11:40:08+00:00\",\"dateModified\":\"2025-02-19T12:13:13+00:00\",\"breadcrumb\":{\"@id\":\"https:\/\/xn--entroidodevilariodeconso-glc.gal\/aviso-legal\/#breadcrumb\"},\"inLanguage\":\"gl-ES\",\"potentialAction\":[{\"@type\":\"ReadAction\",\"target\":[\"https:\/\/xn--entroidodevilariodeconso-glc.gal\/aviso-legal\/\"]}]},{\"@type\":\"BreadcrumbList\",\"@id\":\"https:\/\/xn--entroidodevilariodeconso-glc.gal\/aviso-legal\/#breadcrumb\",\"itemListElement\":[{\"@type\":\"ListItem\",\"position\":1,\"name\":\"Portada\",\"item\":\"https:\/\/xn--entroidodevilariodeconso-glc.gal\/\"},{\"@type\":\"ListItem\",\"position\":2,\"name\":\"Aviso legal\"}]},{\"@type\":\"WebSite\",\"@id\":\"https:\/\/xn--entroidodevilariodeconso-glc.gal\/#website\",\"url\":\"https:\/\/xn--entroidodevilariodeconso-glc.gal\/\",\"name\":\"Entroido de Vilari\u00f1o de Conso\",\"description\":\"El Entroido es una de las principales festividades, -si no la principal- del municipio de Vilari&ntilde;o de Conso.\",\"potentialAction\":[{\"@type\":\"SearchAction\",\"target\":{\"@type\":\"EntryPoint\",\"urlTemplate\":\"https:\/\/xn--entroidodevilariodeconso-glc.gal\/?s={search_term_string}\"},\"query-input\":{\"@type\":\"PropertyValueSpecification\",\"valueRequired\":true,\"valueName\":\"search_term_string\"}}],\"inLanguage\":\"gl-ES\"}]}<\/script>\n<!-- \/ Yoast SEO plugin. -->","yoast_head_json":{"title":"Aviso legal - Entroido Vilari&ntilde;o de Conso","robots":{"index":"noindex","follow":"nofollow"},"og_locale":"gl_ES","og_type":"article","og_title":"Aviso legal - Entroido Vilari&ntilde;o de Conso","og_description":"Lee atentamente los T\u00e9rminos y Condiciones que constan en este documento, ya que lo uso de este sitio web implica la aceptaci\u00f3n expresa y plena de los mismos, en la versi\u00f3n publicada en el momento en el que accedes a todas y cada una de las p\u00e1ginas web localizables bajo el dominio https:\/\/entroidodevilari\u00f1odeconso.gal\/ y sus [&hellip;]","og_url":"https:\/\/xn--entroidodevilariodeconso-glc.gal\/gl\/aviso-legal\/","og_site_name":"Entroido Vilari&ntilde;o de Conso","article_publisher":"https:\/\/www.facebook.com\/EntroidodeVilarinodeConso","article_modified_time":"2025-02-19T12:13:13+00:00","og_image":[{"width":1056,"height":750,"url":"https:\/\/xn--entroidodevilariodeconso-glc.gal\/wp-content\/uploads\/2024\/02\/Entroido-Vilarino-de-Conso.jpg","type":"image\/jpeg"}],"twitter_card":"summary_large_image","twitter_site":"@entroidovdconso","twitter_misc":{"Tempo de lectura":"7 minutos"},"schema":{"@context":"https:\/\/schema.org","@graph":[{"@type":"WebPage","@id":"https:\/\/xn--entroidodevilariodeconso-glc.gal\/aviso-legal\/","url":"https:\/\/xn--entroidodevilariodeconso-glc.gal\/aviso-legal\/","name":"Aviso legal - Entroido Vilari&ntilde;o de Conso","isPartOf":{"@id":"https:\/\/xn--entroidodevilariodeconso-glc.gal\/#website"},"datePublished":"2025-02-19T11:40:08+00:00","dateModified":"2025-02-19T12:13:13+00:00","breadcrumb":{"@id":"https:\/\/xn--entroidodevilariodeconso-glc.gal\/aviso-legal\/#breadcrumb"},"inLanguage":"gl-ES","potentialAction":[{"@type":"ReadAction","target":["https:\/\/xn--entroidodevilariodeconso-glc.gal\/aviso-legal\/"]}]},{"@type":"BreadcrumbList","@id":"https:\/\/xn--entroidodevilariodeconso-glc.gal\/aviso-legal\/#breadcrumb","itemListElement":[{"@type":"ListItem","position":1,"name":"Portada","item":"https:\/\/xn--entroidodevilariodeconso-glc.gal\/"},{"@type":"ListItem","position":2,"name":"Aviso legal"}]},{"@type":"WebSite","@id":"https:\/\/xn--entroidodevilariodeconso-glc.gal\/#website","url":"https:\/\/xn--entroidodevilariodeconso-glc.gal\/","name":"Entroido de Vilari\u00f1o de Conso","description":"El Entroido es una de las principales festividades, -si no la principal- del municipio de Vilari&ntilde;o de Conso.","potentialAction":[{"@type":"SearchAction","target":{"@type":"EntryPoint","urlTemplate":"https:\/\/xn--entroidodevilariodeconso-glc.gal\/?s={search_term_string}"},"query-input":{"@type":"PropertyValueSpecification","valueRequired":true,"valueName":"search_term_string"}}],"inLanguage":"gl-ES"}]}},"_links":{"self":[{"href":"https:\/\/xn--entroidodevilariodeconso-glc.gal\/gl\/wp-json\/wp\/v2\/pages\/13966","targetHints":{"allow":["GET"]}}],"collection":[{"href":"https:\/\/xn--entroidodevilariodeconso-glc.gal\/gl\/wp-json\/wp\/v2\/pages"}],"about":[{"href":"https:\/\/xn--entroidodevilariodeconso-glc.gal\/gl\/wp-json\/wp\/v2\/types\/page"}],"author":[{"embeddable":true,"href":"https:\/\/xn--entroidodevilariodeconso-glc.gal\/gl\/wp-json\/wp\/v2\/users\/1"}],"replies":[{"embeddable":true,"href":"https:\/\/xn--entroidodevilariodeconso-glc.gal\/gl\/wp-json\/wp\/v2\/comments?post=13966"}],"version-history":[{"count":10,"href":"https:\/\/xn--entroidodevilariodeconso-glc.gal\/gl\/wp-json\/wp\/v2\/pages\/13966\/revisions"}],"predecessor-version":[{"id":13977,"href":"https:\/\/xn--entroidodevilariodeconso-glc.gal\/gl\/wp-json\/wp\/v2\/pages\/13966\/revisions\/13977"}],"wp:attachment":[{"href":"https:\/\/xn--entroidodevilariodeconso-glc.gal\/gl\/wp-json\/wp\/v2\/media?parent=13966"}],"curies":[{"name":"wp","href":"https:\/\/api.w.org\/{rel}","templated":true}]}}