{"id":3425,"date":"2026-01-18T14:04:36","date_gmt":"2026-01-18T13:04:36","guid":{"rendered":"https:\/\/xn--entroidodevilariodeconso-glc.gal\/home-05\/"},"modified":"2026-01-18T15:11:28","modified_gmt":"2026-01-18T14:11:28","slug":"entroido","status":"publish","type":"page","link":"https:\/\/xn--entroidodevilariodeconso-glc.gal\/en\/","title":{"rendered":"Entroido de Vilari\u00f1o"},"content":{"rendered":"<div data-elementor-type=\"wp-page\" data-elementor-id=\"3425\" class=\"elementor elementor-3425\">\n\t\t\t\t\t\t<section class=\"elementor-section elementor-top-section elementor-element elementor-element-3887a3e elementor-section-full_width elementor-section-height-default elementor-section-height-default\" data-id=\"3887a3e\" data-element_type=\"section\" id=\"inicio\" data-settings=\"{&quot;background_background&quot;:&quot;classic&quot;}\">\n\t\t\t\t\t\t<div class=\"elementor-container elementor-column-gap-no\">\n\t\t\t\t\t<div class=\"elementor-column elementor-col-100 elementor-top-column elementor-element elementor-element-2c4c128\" data-id=\"2c4c128\" data-element_type=\"column\">\n\t\t\t<div class=\"elementor-widget-wrap elementor-element-populated\">\n\t\t\t\t\t\t<div class=\"elementor-element elementor-element-c67bff3 elementor-absolute elementor-widget elementor-widget-image\" data-id=\"c67bff3\" data-element_type=\"widget\" data-settings=\"{&quot;_position&quot;:&quot;absolute&quot;}\" data-widget_type=\"image.default\">\n\t\t\t\t<div class=\"elementor-widget-container\">\n\t\t\t\t\t\t\t\t\t\t\t\t\t\t\t<img loading=\"lazy\" decoding=\"async\" width=\"1056\" height=\"750\" src=\"https:\/\/xn--entroidodevilariodeconso-glc.gal\/wp-content\/uploads\/2024\/02\/Entroido-Vilarino-de-Conso.jpg\" class=\"attachment-full size-full wp-image-13370\" alt=\"\" srcset=\"https:\/\/xn--entroidodevilariodeconso-glc.gal\/wp-content\/uploads\/2024\/02\/Entroido-Vilarino-de-Conso.jpg 1056w, https:\/\/xn--entroidodevilariodeconso-glc.gal\/wp-content\/uploads\/2024\/02\/Entroido-Vilarino-de-Conso-300x213.jpg 300w, https:\/\/xn--entroidodevilariodeconso-glc.gal\/wp-content\/uploads\/2024\/02\/Entroido-Vilarino-de-Conso-1024x727.jpg 1024w, https:\/\/xn--entroidodevilariodeconso-glc.gal\/wp-content\/uploads\/2024\/02\/Entroido-Vilarino-de-Conso-768x545.jpg 768w, https:\/\/xn--entroidodevilariodeconso-glc.gal\/wp-content\/uploads\/2024\/02\/Entroido-Vilarino-de-Conso-480x341.jpg 480w\" sizes=\"auto, (max-width: 1056px) 100vw, 1056px\" title=\"Carnival in Vilari\u00f1o De Conso\" \/>\t\t\t\t\t\t\t\t\t\t\t\t\t\t\t<\/div>\n\t\t\t\t<\/div>\n\t\t\t\t<div class=\"elementor-element elementor-element-e49da8c elementor-widget elementor-widget-spacer\" data-id=\"e49da8c\" data-element_type=\"widget\" data-widget_type=\"spacer.default\">\n\t\t\t\t<div class=\"elementor-widget-container\">\n\t\t\t\t\t\t\t<div class=\"elementor-spacer\">\n\t\t\t<div class=\"elementor-spacer-inner\"><\/div>\n\t\t<\/div>\n\t\t\t\t\t\t<\/div>\n\t\t\t\t<\/div>\n\t\t\t\t<section class=\"elementor-section elementor-inner-section elementor-element elementor-element-bccbee8 elementor-section-boxed elementor-section-height-default elementor-section-height-default\" data-id=\"bccbee8\" data-element_type=\"section\">\n\t\t\t\t\t\t<div class=\"elementor-container elementor-column-gap-default\">\n\t\t\t\t\t<div class=\"elementor-column elementor-col-100 elementor-inner-column elementor-element elementor-element-eeaf33f\" data-id=\"eeaf33f\" data-element_type=\"column\">\n\t\t\t<div class=\"elementor-widget-wrap elementor-element-populated\">\n\t\t\t\t\t\t<div class=\"elementor-element-custom_font_size elementor-element-custom_font_weight elementor-element-custom_color elementor-element elementor-element-f0f3c44 elementor-widget elementor-widget-text-editor\" data-id=\"f0f3c44\" data-element_type=\"widget\" data-widget_type=\"text-editor.default\">\n\t\t\t\t<div class=\"elementor-widget-container\">\n\t\t\t\t\t\t\t\t\t<h5>Welcome<\/h5>\t\t\t\t\t\t\t\t<\/div>\n\t\t\t\t<\/div>\n\t\t\t\t<div class=\"elementor-element elementor-element-e6bb2b3 elementor-widget elementor-widget-heading\" data-id=\"e6bb2b3\" data-element_type=\"widget\" data-widget_type=\"heading.default\">\n\t\t\t\t<div class=\"elementor-widget-container\">\n\t\t\t\t\t<h1 class=\"elementor-heading-title elementor-size-default\">Carnival in Vilari\u00f1o De Conso 2026<\/h1>\t\t\t\t<\/div>\n\t\t\t\t<\/div>\n\t\t\t\t<div class=\"elementor-element-custom_font_size elementor-element-custom_font_weight elementor-element-custom_color elementor-element elementor-element-8b92ca9 elementor-widget elementor-widget-text-editor\" data-id=\"8b92ca9\" data-element_type=\"widget\" data-widget_type=\"text-editor.default\">\n\t\t\t\t<div class=\"elementor-widget-container\">\n\t\t\t\t\t\t\t\t\t<p>\"Boteiros, lardeiro and lardeira, fuli\u00f3n and fuliadas,\u201d Compadres and Comadres Thursday, and the \u201dFesta do Cabrito\u201d all contribute to an unforgettable celebration.<\/p>\t\t\t\t\t\t\t\t<\/div>\n\t\t\t\t<\/div>\n\t\t\t\t<div class=\"elementor-element elementor-element-385caea elementor-widget elementor-widget-spacer\" data-id=\"385caea\" data-element_type=\"widget\" data-widget_type=\"spacer.default\">\n\t\t\t\t<div class=\"elementor-widget-container\">\n\t\t\t\t\t\t\t<div class=\"elementor-spacer\">\n\t\t\t<div class=\"elementor-spacer-inner\"><\/div>\n\t\t<\/div>\n\t\t\t\t\t\t<\/div>\n\t\t\t\t<\/div>\n\t\t\t\t<div class=\"elementor-element elementor-element-7e27e60 elementor-widget elementor-widget-image\" data-id=\"7e27e60\" data-element_type=\"widget\" data-widget_type=\"image.default\">\n\t\t\t\t<div class=\"elementor-widget-container\">\n\t\t\t\t\t\t\t\t\t\t\t\t\t\t\t<img loading=\"lazy\" decoding=\"async\" width=\"400\" height=\"137\" src=\"https:\/\/xn--entroidodevilariodeconso-glc.gal\/wp-content\/uploads\/2024\/02\/Escudo-Vilarino.png\" class=\"attachment-large size-large wp-image-13380\" alt=\"\" srcset=\"https:\/\/xn--entroidodevilariodeconso-glc.gal\/wp-content\/uploads\/2024\/02\/Escudo-Vilarino.png 400w, https:\/\/xn--entroidodevilariodeconso-glc.gal\/wp-content\/uploads\/2024\/02\/Escudo-Vilarino-300x103.png 300w\" sizes=\"auto, (max-width: 400px) 100vw, 400px\" title=\"Escudo Vilari\u00f1o\" \/>\t\t\t\t\t\t\t\t\t\t\t\t\t\t\t<\/div>\n\t\t\t\t<\/div>\n\t\t\t\t<div class=\"elementor-element elementor-element-c8cd439 elementor-widget elementor-widget-spacer\" data-id=\"c8cd439\" data-element_type=\"widget\" data-widget_type=\"spacer.default\">\n\t\t\t\t<div class=\"elementor-widget-container\">\n\t\t\t\t\t\t\t<div class=\"elementor-spacer\">\n\t\t\t<div class=\"elementor-spacer-inner\"><\/div>\n\t\t<\/div>\n\t\t\t\t\t\t<\/div>\n\t\t\t\t<\/div>\n\t\t\t\t\t<\/div>\n\t\t<\/div>\n\t\t\t\t\t<\/div>\n\t\t<\/section>\n\t\t\t\t<div class=\"elementor-element elementor-element-dda32d3 elementor-absolute elementor-widget elementor-widget-image\" data-id=\"dda32d3\" data-element_type=\"widget\" data-settings=\"{&quot;_position&quot;:&quot;absolute&quot;}\" data-widget_type=\"image.default\">\n\t\t\t\t<div class=\"elementor-widget-container\">\n\t\t\t\t\t\t\t\t\t\t\t\t\t\t\t<img loading=\"lazy\" decoding=\"async\" width=\"138\" height=\"262\" src=\"https:\/\/xn--entroidodevilariodeconso-glc.gal\/wp-content\/uploads\/2020\/03\/element_01.png\" class=\"attachment-full size-full wp-image-3435\" alt=\"\" title=\"Entroido\" \/>\t\t\t\t\t\t\t\t\t\t\t\t\t\t\t<\/div>\n\t\t\t\t<\/div>\n\t\t\t\t<div class=\"elementor-element elementor-element-0cba252 elementor-widget elementor-widget-spacer\" data-id=\"0cba252\" data-element_type=\"widget\" data-widget_type=\"spacer.default\">\n\t\t\t\t<div class=\"elementor-widget-container\">\n\t\t\t\t\t\t\t<div class=\"elementor-spacer\">\n\t\t\t<div class=\"elementor-spacer-inner\"><\/div>\n\t\t<\/div>\n\t\t\t\t\t\t<\/div>\n\t\t\t\t<\/div>\n\t\t\t\t<div class=\"elementor-element elementor-element-3e66355 gt3_moved_element elementor-widget__width-initial elementor-absolute elementor-widget elementor-widget-html\" data-id=\"3e66355\" data-element_type=\"widget\" data-settings=\"{&quot;_position&quot;:&quot;absolute&quot;}\" data-widget_type=\"html.default\">\n\t\t\t\t<div class=\"elementor-widget-container\">\n\t\t\t\t\t<svg xmlns=\"http:\/\/www.w3.org\/2000\/svg\" width=\"13px\" height=\"13px\">\n    <path fill=\"rgb(87, 230, 193)\"\n          d=\"M11.927,6.550 L8.279,7.527 L9.256,11.175 C9.464,11.950 9.004,12.746 8.229,12.954 C7.454,13.162 6.658,12.702 6.450,11.927 L5.473,8.279 L1.825,9.257 C1.050,9.464 0.254,9.004 0.046,8.229 C-0.162,7.454 0.298,6.658 1.073,6.450 L4.721,5.473 L3.744,1.825 C3.536,1.050 3.996,0.254 4.771,0.046 C5.546,-0.161 6.342,0.298 6.550,1.073 L7.527,4.721 L11.175,3.744 C11.950,3.536 12.746,3.996 12.954,4.771 C13.162,5.545 12.702,6.342 11.927,6.550 Z\"\/>\n<\/svg>\t\t\t\t<\/div>\n\t\t\t\t<\/div>\n\t\t\t\t<div class=\"elementor-element elementor-element-588453c gt3_rotated_element elementor-widget__width-initial elementor-absolute elementor-widget elementor-widget-image\" data-id=\"588453c\" data-element_type=\"widget\" data-settings=\"{&quot;_position&quot;:&quot;absolute&quot;}\" data-widget_type=\"image.default\">\n\t\t\t\t<div class=\"elementor-widget-container\">\n\t\t\t\t\t\t\t\t\t\t\t\t\t\t\t<img loading=\"lazy\" decoding=\"async\" width=\"72\" height=\"74\" src=\"https:\/\/xn--entroidodevilariodeconso-glc.gal\/wp-content\/uploads\/2019\/12\/triangle_orange.png\" class=\"attachment-full size-full wp-image-3274\" alt=\"\" title=\"triangle\" \/>\t\t\t\t\t\t\t\t\t\t\t\t\t\t\t<\/div>\n\t\t\t\t<\/div>\n\t\t\t\t<div class=\"elementor-element elementor-element-dd59b49 gt3_rotated_element elementor-widget__width-initial elementor-absolute elementor-widget elementor-widget-html\" data-id=\"dd59b49\" data-element_type=\"widget\" data-settings=\"{&quot;_position&quot;:&quot;absolute&quot;}\" data-widget_type=\"html.default\">\n\t\t\t\t<div class=\"elementor-widget-container\">\n\t\t\t\t\t<svg xmlns=\"http:\/\/www.w3.org\/2000\/svg\" width=\"21px\" height=\"21px\">\n    <path fill=\"rgb(59, 54, 99)\" d=\"M20.459,16.250 C19.769,17.446 18.240,17.855 17.044,17.165 L11.415,13.915 L8.165,19.544 C7.475,20.740 5.946,21.150 4.750,20.459 C3.554,19.769 3.145,18.240 3.835,17.044 L7.085,11.415 L1.456,8.165 C0.260,7.475 -0.150,5.946 0.541,4.750 C1.231,3.554 2.760,3.144 3.956,3.835 L9.585,7.085 L12.835,1.456 C13.525,0.260 15.054,-0.150 16.250,0.541 C17.446,1.231 17.855,2.760 17.165,3.956 L13.915,9.585 L19.544,12.835 C20.740,13.525 21.150,15.054 20.459,16.250 Z\"\/>\n<\/svg>\t\t\t\t<\/div>\n\t\t\t\t<\/div>\n\t\t\t\t<div class=\"elementor-element elementor-element-8a4f5ad gt3_rotated_element elementor-widget__width-initial elementor-absolute elementor-widget elementor-widget-image\" data-id=\"8a4f5ad\" data-element_type=\"widget\" data-settings=\"{&quot;_position&quot;:&quot;absolute&quot;}\" data-widget_type=\"image.default\">\n\t\t\t\t<div class=\"elementor-widget-container\">\n\t\t\t\t\t\t\t\t\t\t\t\t\t\t\t<img loading=\"lazy\" decoding=\"async\" width=\"72\" height=\"74\" src=\"https:\/\/xn--entroidodevilariodeconso-glc.gal\/wp-content\/uploads\/2019\/12\/triangle_blue.png\" class=\"attachment-full size-full wp-image-3275\" alt=\"\" title=\"triangle\" \/>\t\t\t\t\t\t\t\t\t\t\t\t\t\t\t<\/div>\n\t\t\t\t<\/div>\n\t\t\t\t<div class=\"elementor-element elementor-element-8e6876c gt3_moved_element elementor-widget__width-initial elementor-absolute elementor-widget elementor-widget-html\" data-id=\"8e6876c\" data-element_type=\"widget\" data-settings=\"{&quot;_position&quot;:&quot;absolute&quot;}\" data-widget_type=\"html.default\">\n\t\t\t\t<div class=\"elementor-widget-container\">\n\t\t\t\t\t<svg xmlns=\"http:\/\/www.w3.org\/2000\/svg\" width=\"13px\" height=\"13px\">\n    <path fill=\"rgb(87, 230, 193)\"\n          d=\"M11.927,6.550 L8.279,7.527 L9.256,11.175 C9.464,11.950 9.004,12.746 8.229,12.954 C7.454,13.162 6.658,12.702 6.450,11.927 L5.473,8.279 L1.825,9.257 C1.050,9.464 0.254,9.004 0.046,8.229 C-0.162,7.454 0.298,6.658 1.073,6.450 L4.721,5.473 L3.744,1.825 C3.536,1.050 3.996,0.254 4.771,0.046 C5.546,-0.161 6.342,0.298 6.550,1.073 L7.527,4.721 L11.175,3.744 C11.950,3.536 12.746,3.996 12.954,4.771 C13.162,5.545 12.702,6.342 11.927,6.550 Z\"\/>\n<\/svg>\t\t\t\t<\/div>\n\t\t\t\t<\/div>\n\t\t\t\t\t<\/div>\n\t\t<\/div>\n\t\t\t\t\t<\/div>\n\t\t<\/section>\n\t\t\t\t<section class=\"elementor-section elementor-top-section elementor-element elementor-element-aa133bf elementor-section-stretched elementor-section-full_width elementor-section-height-default elementor-section-height-default\" data-id=\"aa133bf\" data-element_type=\"section\" data-settings=\"{&quot;stretch_section&quot;:&quot;section-stretched&quot;}\">\n\t\t\t\t\t\t<div class=\"elementor-container elementor-column-gap-default\">\n\t\t\t\t\t<div class=\"elementor-column elementor-col-100 elementor-top-column elementor-element elementor-element-555ae8f\" data-id=\"555ae8f\" data-element_type=\"column\">\n\t\t\t<div class=\"elementor-widget-wrap elementor-element-populated\">\n\t\t\t\t\t\t<div class=\"elementor-element elementor-element-2ee743b elementor-absolute elementor-widget elementor-widget-image\" data-id=\"2ee743b\" data-element_type=\"widget\" data-settings=\"{&quot;_position&quot;:&quot;absolute&quot;}\" data-widget_type=\"image.default\">\n\t\t\t\t<div class=\"elementor-widget-container\">\n\t\t\t\t\t\t\t\t\t\t\t\t\t\t\t<img loading=\"lazy\" decoding=\"async\" width=\"65\" height=\"355\" src=\"https:\/\/xn--entroidodevilariodeconso-glc.gal\/wp-content\/uploads\/2020\/03\/element_02.png\" class=\"attachment-full size-full wp-image-3582\" alt=\"\" srcset=\"https:\/\/xn--entroidodevilariodeconso-glc.gal\/wp-content\/uploads\/2020\/03\/element_02.png 65w, https:\/\/xn--entroidodevilariodeconso-glc.gal\/wp-content\/uploads\/2020\/03\/element_02-55x300.png 55w\" sizes=\"auto, (max-width: 65px) 100vw, 65px\" title=\"element_02\" \/>\t\t\t\t\t\t\t\t\t\t\t\t\t\t\t<\/div>\n\t\t\t\t<\/div>\n\t\t\t\t\t<\/div>\n\t\t<\/div>\n\t\t\t\t\t<\/div>\n\t\t<\/section>\n\t\t\t\t<section class=\"elementor-section elementor-top-section elementor-element elementor-element-08c6c0c elementor-section-stretched elementor-section-full_width elementor-section-height-default elementor-section-height-default\" data-id=\"08c6c0c\" data-element_type=\"section\" data-settings=\"{&quot;stretch_section&quot;:&quot;section-stretched&quot;}\">\n\t\t\t\t\t\t<div class=\"elementor-container elementor-column-gap-default\">\n\t\t\t\t\t<div class=\"elementor-column elementor-col-100 elementor-top-column elementor-element elementor-element-3559f6b\" data-id=\"3559f6b\" data-element_type=\"column\">\n\t\t\t<div class=\"elementor-widget-wrap elementor-element-populated\">\n\t\t\t\t\t\t<div class=\"elementor-element elementor-element-90df5dc elementor-absolute elementor-widget elementor-widget-image\" data-id=\"90df5dc\" data-element_type=\"widget\" data-settings=\"{&quot;_position&quot;:&quot;absolute&quot;}\" data-widget_type=\"image.default\">\n\t\t\t\t<div class=\"elementor-widget-container\">\n\t\t\t\t\t\t\t\t\t\t\t\t\t\t\t<img loading=\"lazy\" decoding=\"async\" width=\"164\" height=\"316\" src=\"https:\/\/xn--entroidodevilariodeconso-glc.gal\/wp-content\/uploads\/2020\/03\/element_03.png\" class=\"attachment-full size-full wp-image-3669\" alt=\"\" srcset=\"https:\/\/xn--entroidodevilariodeconso-glc.gal\/wp-content\/uploads\/2020\/03\/element_03.png 164w, https:\/\/xn--entroidodevilariodeconso-glc.gal\/wp-content\/uploads\/2020\/03\/element_03-156x300.png 156w\" sizes=\"auto, (max-width: 164px) 100vw, 164px\" title=\"element_03\" \/>\t\t\t\t\t\t\t\t\t\t\t\t\t\t\t<\/div>\n\t\t\t\t<\/div>\n\t\t\t\t\t<\/div>\n\t\t<\/div>\n\t\t\t\t\t<\/div>\n\t\t<\/section>\n\t\t\t\t<section class=\"elementor-section elementor-top-section elementor-element elementor-element-2612415 elementor-section-boxed elementor-section-height-default elementor-section-height-default\" data-id=\"2612415\" data-element_type=\"section\">\n\t\t\t\t\t\t<div class=\"elementor-container elementor-column-gap-default\">\n\t\t\t\t\t<div class=\"elementor-column elementor-col-50 elementor-top-column elementor-element elementor-element-070e3dc\" data-id=\"070e3dc\" data-element_type=\"column\" data-settings=\"{&quot;animation&quot;:&quot;none&quot;}\">\n\t\t\t<div class=\"elementor-widget-wrap elementor-element-populated\">\n\t\t\t\t\t\t<div class=\"elementor-element elementor-element-95b5262 elementor-widget elementor-widget-heading\" data-id=\"95b5262\" data-element_type=\"widget\" data-widget_type=\"heading.default\">\n\t\t\t\t<div class=\"elementor-widget-container\">\n\t\t\t\t\t<h2 class=\"elementor-heading-title elementor-size-default\">El Entroido de Vilari\u00f1o de Conso<\/h2>\t\t\t\t<\/div>\n\t\t\t\t<\/div>\n\t\t\t\t<div class=\"elementor-element-custom_font_size elementor-element-custom_line_height elementor-element elementor-element-069a3a4 elementor-widget elementor-widget-text-editor\" data-id=\"069a3a4\" data-element_type=\"widget\" data-widget_type=\"text-editor.default\">\n\t\t\t\t<div class=\"elementor-widget-container\">\n\t\t\t\t\t\t\t\t\t<p>The Entroido is one of the main festivities\u2014if not the main one\u2014of the municipality of Vilari\u00f1o de Conso.<\/p><p>It is a celebration of ancestral origins that last over two weeks, blending tradition with modernity.<\/p><p>The festival has maintained its social character and serves as a unifying force for the parishes within the municipality and for the municipality itself with neighboring towns.<\/p><p>It is also an exemplar of both material and immaterial culture, characterized by a profound sense of amusement.<\/p><p>\"Boteiros, lardeiro and lardeira, fuli\u00f3n and fuliadas,\u201d Compadres and Comadres Thursday, and the \u201dFesta do Cabrito\u201d all contribute to an unforgettable celebration.<\/p>\t\t\t\t\t\t\t\t<\/div>\n\t\t\t\t<\/div>\n\t\t\t\t<div class=\"elementor-element elementor-element-6de5c67 gt3_rotated_element elementor-widget__width-initial elementor-absolute elementor-widget elementor-widget-image\" data-id=\"6de5c67\" data-element_type=\"widget\" data-settings=\"{&quot;_position&quot;:&quot;absolute&quot;}\" data-widget_type=\"image.default\">\n\t\t\t\t<div class=\"elementor-widget-container\">\n\t\t\t\t\t\t\t\t\t\t\t\t\t\t\t<img loading=\"lazy\" decoding=\"async\" width=\"72\" height=\"74\" src=\"https:\/\/xn--entroidodevilariodeconso-glc.gal\/wp-content\/uploads\/2019\/12\/triangle_orange.png\" class=\"attachment-full size-full wp-image-3274\" alt=\"\" title=\"triangle\" \/>\t\t\t\t\t\t\t\t\t\t\t\t\t\t\t<\/div>\n\t\t\t\t<\/div>\n\t\t\t\t\t<\/div>\n\t\t<\/div>\n\t\t\t\t<div class=\"elementor-column elementor-col-50 elementor-top-column elementor-element elementor-element-336e544\" data-id=\"336e544\" data-element_type=\"column\" data-settings=\"{&quot;animation&quot;:&quot;none&quot;}\">\n\t\t\t<div class=\"elementor-widget-wrap elementor-element-populated\">\n\t\t\t\t\t\t<div class=\"elementor-element elementor-element-ffb86ca elementor-arrows-position-inside elementor-widget elementor-widget-image-carousel\" data-id=\"ffb86ca\" data-element_type=\"widget\" data-settings=\"{&quot;slides_to_show&quot;:&quot;1&quot;,&quot;navigation&quot;:&quot;arrows&quot;,&quot;effect&quot;:&quot;fade&quot;,&quot;_animation&quot;:&quot;none&quot;,&quot;autoplay_speed&quot;:7000,&quot;speed&quot;:400,&quot;autoplay&quot;:&quot;yes&quot;,&quot;pause_on_hover&quot;:&quot;yes&quot;,&quot;pause_on_interaction&quot;:&quot;yes&quot;,&quot;infinite&quot;:&quot;yes&quot;}\" data-widget_type=\"image-carousel.default\">\n\t\t\t\t<div class=\"elementor-widget-container\">\n\t\t\t\t\t\t\t<div class=\"elementor-image-carousel-wrapper swiper\" role=\"region\" aria-roledescription=\"carousel\" aria-label=\"Carrusel de im\u00e1genes\" dir=\"ltr\">\n\t\t\t<div class=\"elementor-image-carousel swiper-wrapper\" aria-live=\"off\">\n\t\t\t\t\t\t\t\t<div class=\"swiper-slide\" role=\"group\" aria-roledescription=\"slide\" aria-label=\"1 de 3\"><figure class=\"swiper-slide-inner\"><img decoding=\"async\" class=\"swiper-slide-image\" src=\"https:\/\/xn--entroidodevilariodeconso-glc.gal\/wp-content\/uploads\/2024\/02\/Galeria-Vilarino-7.jpg\" alt=\"Foli\u00f3n de Mormentelos\" \/><\/figure><\/div><div class=\"swiper-slide\" role=\"group\" aria-roledescription=\"slide\" aria-label=\"2 de 3\"><figure class=\"swiper-slide-inner\"><img decoding=\"async\" class=\"swiper-slide-image\" src=\"https:\/\/xn--entroidodevilariodeconso-glc.gal\/wp-content\/uploads\/2024\/02\/Galeria-Vilarino-6.jpg\" alt=\"Fuliada no pobo de Vilari\u00f1o\" \/><\/figure><\/div><div class=\"swiper-slide\" role=\"group\" aria-roledescription=\"slide\" aria-label=\"3 de 3\"><figure class=\"swiper-slide-inner\"><img decoding=\"async\" class=\"swiper-slide-image\" src=\"https:\/\/xn--entroidodevilariodeconso-glc.gal\/wp-content\/uploads\/2024\/02\/Galeria-Vilarino-4.jpg\" alt=\"fuli\u00f3n de Mormentelos\" \/><\/figure><\/div>\t\t\t<\/div>\n\t\t\t\t\t\t\t\t\t\t\t\t<div class=\"elementor-swiper-button elementor-swiper-button-prev\" role=\"button\" tabindex=\"0\">\n\t\t\t\t\t\t<i aria-hidden=\"true\" class=\"eicon-chevron-left\"><\/i>\t\t\t\t\t<\/div>\n\t\t\t\t\t<div class=\"elementor-swiper-button elementor-swiper-button-next\" role=\"button\" tabindex=\"0\">\n\t\t\t\t\t\t<i aria-hidden=\"true\" class=\"eicon-chevron-right\"><\/i>\t\t\t\t\t<\/div>\n\t\t\t\t\n\t\t\t\t\t\t\t\t\t<\/div>\n\t\t\t\t\t\t<\/div>\n\t\t\t\t<\/div>\n\t\t\t\t<div class=\"elementor-element elementor-element-4f84aa9 gt3_rotated_element elementor-widget__width-initial elementor-absolute elementor-widget elementor-widget-html\" data-id=\"4f84aa9\" data-element_type=\"widget\" data-settings=\"{&quot;_position&quot;:&quot;absolute&quot;}\" data-widget_type=\"html.default\">\n\t\t\t\t<div class=\"elementor-widget-container\">\n\t\t\t\t\t<svg xmlns=\"http:\/\/www.w3.org\/2000\/svg\" width=\"21px\" height=\"21px\">\n    <path fill=\"rgb(59, 54, 99)\" d=\"M20.459,16.250 C19.769,17.446 18.240,17.855 17.044,17.165 L11.415,13.915 L8.165,19.544 C7.475,20.740 5.946,21.150 4.750,20.459 C3.554,19.769 3.145,18.240 3.835,17.044 L7.085,11.415 L1.456,8.165 C0.260,7.475 -0.150,5.946 0.541,4.750 C1.231,3.554 2.760,3.144 3.956,3.835 L9.585,7.085 L12.835,1.456 C13.525,0.260 15.054,-0.150 16.250,0.541 C17.446,1.231 17.855,2.760 17.165,3.956 L13.915,9.585 L19.544,12.835 C20.740,13.525 21.150,15.054 20.459,16.250 Z\"\/>\n<\/svg>\t\t\t\t<\/div>\n\t\t\t\t<\/div>\n\t\t\t\t<div class=\"elementor-element elementor-element-ecc2c93 gt3_moved_element elementor-widget__width-initial elementor-absolute elementor-widget elementor-widget-html\" data-id=\"ecc2c93\" data-element_type=\"widget\" data-settings=\"{&quot;_position&quot;:&quot;absolute&quot;}\" data-widget_type=\"html.default\">\n\t\t\t\t<div class=\"elementor-widget-container\">\n\t\t\t\t\t<svg xmlns=\"http:\/\/www.w3.org\/2000\/svg\" width=\"13px\" height=\"13px\">\n    <path fill=\"rgb(87, 230, 193)\"\n          d=\"M11.927,6.550 L8.279,7.527 L9.256,11.175 C9.464,11.950 9.004,12.746 8.229,12.954 C7.454,13.162 6.658,12.702 6.450,11.927 L5.473,8.279 L1.825,9.257 C1.050,9.464 0.254,9.004 0.046,8.229 C-0.162,7.454 0.298,6.658 1.073,6.450 L4.721,5.473 L3.744,1.825 C3.536,1.050 3.996,0.254 4.771,0.046 C5.546,-0.161 6.342,0.298 6.550,1.073 L7.527,4.721 L11.175,3.744 C11.950,3.536 12.746,3.996 12.954,4.771 C13.162,5.545 12.702,6.342 11.927,6.550 Z\"\/>\n<\/svg>\t\t\t\t<\/div>\n\t\t\t\t<\/div>\n\t\t\t\t\t<\/div>\n\t\t<\/div>\n\t\t\t\t\t<\/div>\n\t\t<\/section>\n\t\t\t\t<section class=\"elementor-section elementor-top-section elementor-element elementor-element-746389e elementor-section-boxed elementor-section-height-default elementor-section-height-default\" data-id=\"746389e\" data-element_type=\"section\">\n\t\t\t\t\t\t<div class=\"elementor-container elementor-column-gap-default\">\n\t\t\t\t\t<div class=\"elementor-column elementor-col-50 elementor-top-column elementor-element elementor-element-e3f50ba\" data-id=\"e3f50ba\" data-element_type=\"column\" data-settings=\"{&quot;animation&quot;:&quot;none&quot;}\">\n\t\t\t<div class=\"elementor-widget-wrap elementor-element-populated\">\n\t\t\t\t\t\t<div class=\"elementor-element elementor-element-904213f elementor-arrows-position-inside elementor-widget elementor-widget-image-carousel\" data-id=\"904213f\" data-element_type=\"widget\" data-settings=\"{&quot;slides_to_show&quot;:&quot;1&quot;,&quot;navigation&quot;:&quot;arrows&quot;,&quot;effect&quot;:&quot;fade&quot;,&quot;_animation&quot;:&quot;none&quot;,&quot;autoplay_speed&quot;:9000,&quot;speed&quot;:450,&quot;autoplay&quot;:&quot;yes&quot;,&quot;pause_on_hover&quot;:&quot;yes&quot;,&quot;pause_on_interaction&quot;:&quot;yes&quot;,&quot;infinite&quot;:&quot;yes&quot;}\" data-widget_type=\"image-carousel.default\">\n\t\t\t\t<div class=\"elementor-widget-container\">\n\t\t\t\t\t\t\t<div class=\"elementor-image-carousel-wrapper swiper\" role=\"region\" aria-roledescription=\"carousel\" aria-label=\"Carrusel de im\u00e1genes\" dir=\"ltr\">\n\t\t\t<div class=\"elementor-image-carousel swiper-wrapper\" aria-live=\"off\">\n\t\t\t\t\t\t\t\t<div class=\"swiper-slide\" role=\"group\" aria-roledescription=\"slide\" aria-label=\"1 de 2\"><figure class=\"swiper-slide-inner\"><img decoding=\"async\" class=\"swiper-slide-image\" src=\"https:\/\/xn--entroidodevilariodeconso-glc.gal\/wp-content\/uploads\/2024\/02\/Galeria-Vilarino-8.jpg\" alt=\"Candida recitando versos en Casti\u00f1eira\" \/><\/figure><\/div><div class=\"swiper-slide\" role=\"group\" aria-roledescription=\"slide\" aria-label=\"2 de 2\"><figure class=\"swiper-slide-inner\"><img decoding=\"async\" class=\"swiper-slide-image\" src=\"https:\/\/xn--entroidodevilariodeconso-glc.gal\/wp-content\/uploads\/2024\/02\/Galeria-Vilarino-5.jpg\" alt=\"Fuli\u00f3n de Casti\u00f1eira en Mormentelos\" \/><\/figure><\/div>\t\t\t<\/div>\n\t\t\t\t\t\t\t\t\t\t\t\t<div class=\"elementor-swiper-button elementor-swiper-button-prev\" role=\"button\" tabindex=\"0\">\n\t\t\t\t\t\t<i aria-hidden=\"true\" class=\"eicon-chevron-left\"><\/i>\t\t\t\t\t<\/div>\n\t\t\t\t\t<div class=\"elementor-swiper-button elementor-swiper-button-next\" role=\"button\" tabindex=\"0\">\n\t\t\t\t\t\t<i aria-hidden=\"true\" class=\"eicon-chevron-right\"><\/i>\t\t\t\t\t<\/div>\n\t\t\t\t\n\t\t\t\t\t\t\t\t\t<\/div>\n\t\t\t\t\t\t<\/div>\n\t\t\t\t<\/div>\n\t\t\t\t<div class=\"elementor-element elementor-element-09bcfcf gt3_rotated_element elementor-widget__width-initial elementor-absolute elementor-widget elementor-widget-html\" data-id=\"09bcfcf\" data-element_type=\"widget\" data-settings=\"{&quot;_position&quot;:&quot;absolute&quot;}\" data-widget_type=\"html.default\">\n\t\t\t\t<div class=\"elementor-widget-container\">\n\t\t\t\t\t<svg xmlns=\"http:\/\/www.w3.org\/2000\/svg\" width=\"21px\" height=\"21px\">\n    <path fill=\"rgb(59, 54, 99)\" d=\"M20.459,16.250 C19.769,17.446 18.240,17.855 17.044,17.165 L11.415,13.915 L8.165,19.544 C7.475,20.740 5.946,21.150 4.750,20.459 C3.554,19.769 3.145,18.240 3.835,17.044 L7.085,11.415 L1.456,8.165 C0.260,7.475 -0.150,5.946 0.541,4.750 C1.231,3.554 2.760,3.144 3.956,3.835 L9.585,7.085 L12.835,1.456 C13.525,0.260 15.054,-0.150 16.250,0.541 C17.446,1.231 17.855,2.760 17.165,3.956 L13.915,9.585 L19.544,12.835 C20.740,13.525 21.150,15.054 20.459,16.250 Z\"\/>\n<\/svg>\t\t\t\t<\/div>\n\t\t\t\t<\/div>\n\t\t\t\t<div class=\"elementor-element elementor-element-1092cf1 gt3_moved_element elementor-widget__width-initial elementor-absolute elementor-widget elementor-widget-html\" data-id=\"1092cf1\" data-element_type=\"widget\" data-settings=\"{&quot;_position&quot;:&quot;absolute&quot;}\" data-widget_type=\"html.default\">\n\t\t\t\t<div class=\"elementor-widget-container\">\n\t\t\t\t\t<svg xmlns=\"http:\/\/www.w3.org\/2000\/svg\" width=\"13px\" height=\"13px\">\n    <path fill=\"rgb(87, 230, 193)\"\n          d=\"M11.927,6.550 L8.279,7.527 L9.256,11.175 C9.464,11.950 9.004,12.746 8.229,12.954 C7.454,13.162 6.658,12.702 6.450,11.927 L5.473,8.279 L1.825,9.257 C1.050,9.464 0.254,9.004 0.046,8.229 C-0.162,7.454 0.298,6.658 1.073,6.450 L4.721,5.473 L3.744,1.825 C3.536,1.050 3.996,0.254 4.771,0.046 C5.546,-0.161 6.342,0.298 6.550,1.073 L7.527,4.721 L11.175,3.744 C11.950,3.536 12.746,3.996 12.954,4.771 C13.162,5.545 12.702,6.342 11.927,6.550 Z\"\/>\n<\/svg>\t\t\t\t<\/div>\n\t\t\t\t<\/div>\n\t\t\t\t\t<\/div>\n\t\t<\/div>\n\t\t\t\t<div class=\"elementor-column elementor-col-50 elementor-top-column elementor-element elementor-element-e7785c4\" data-id=\"e7785c4\" data-element_type=\"column\" data-settings=\"{&quot;animation&quot;:&quot;none&quot;}\">\n\t\t\t<div class=\"elementor-widget-wrap elementor-element-populated\">\n\t\t\t\t\t\t<div class=\"elementor-element elementor-element-22192d6 elementor-widget elementor-widget-heading\" data-id=\"22192d6\" data-element_type=\"widget\" data-widget_type=\"heading.default\">\n\t\t\t\t<div class=\"elementor-widget-container\">\n\t\t\t\t\t<h2 class=\"elementor-heading-title elementor-size-default\">Origin and history<\/h2>\t\t\t\t<\/div>\n\t\t\t\t<\/div>\n\t\t\t\t<div class=\"elementor-element-custom_font_size elementor-element-custom_line_height elementor-element elementor-element-bf098af elementor-widget elementor-widget-text-editor\" data-id=\"bf098af\" data-element_type=\"widget\" data-widget_type=\"text-editor.default\">\n\t\t\t\t<div class=\"elementor-widget-container\">\n\t\t\t\t\t\t\t\t\t<p>It is difficult to trace the exact origin of the Entroido of Vilari\u00f1o de Conso. In general terms, it is said that its roots date back to the Roman era. The traditional costumes of the region carry meanings tied to medieval culture. However, the celebration is mainly linked to the pagan rituals of the castrexa people, marking the farewell to winter and the arrival of spring.<\/p><p>It is likely that the development of the Entroido of Vilari\u00f1o de Conso followed a similar path to that of other nearby towns, such as Viana do Bolo, Manzaneda, and even Xinzo de Limia. The origins of the festival can be traced back to these ancient pagan celebrations associated with seasonal changes, influenced by Roman, Celtic, or Greek traditions. Over time, these festivities were shaped by Christianity, which fixed them on the calendar and incorporated certain religious rites while preserving their festive spirit.<\/p>\t\t\t\t\t\t\t\t<\/div>\n\t\t\t\t<\/div>\n\t\t\t\t<div class=\"elementor-element elementor-element-8c9b3c2 gt3_rotated_element elementor-widget__width-initial elementor-absolute elementor-widget elementor-widget-image\" data-id=\"8c9b3c2\" data-element_type=\"widget\" data-settings=\"{&quot;_position&quot;:&quot;absolute&quot;}\" data-widget_type=\"image.default\">\n\t\t\t\t<div class=\"elementor-widget-container\">\n\t\t\t\t\t\t\t\t\t\t\t\t\t\t\t<img loading=\"lazy\" decoding=\"async\" width=\"72\" height=\"74\" src=\"https:\/\/xn--entroidodevilariodeconso-glc.gal\/wp-content\/uploads\/2019\/12\/triangle_orange.png\" class=\"attachment-full size-full wp-image-3274\" alt=\"\" title=\"triangle\" \/>\t\t\t\t\t\t\t\t\t\t\t\t\t\t\t<\/div>\n\t\t\t\t<\/div>\n\t\t\t\t\t<\/div>\n\t\t<\/div>\n\t\t\t\t\t<\/div>\n\t\t<\/section>\n\t\t\t\t<section class=\"elementor-section elementor-top-section elementor-element elementor-element-cec8d64 elementor-section-boxed elementor-section-height-default elementor-section-height-default\" data-id=\"cec8d64\" data-element_type=\"section\">\n\t\t\t\t\t\t<div class=\"elementor-container elementor-column-gap-default\">\n\t\t\t\t\t<div class=\"elementor-column elementor-col-50 elementor-top-column elementor-element elementor-element-e15e737\" data-id=\"e15e737\" data-element_type=\"column\" data-settings=\"{&quot;animation&quot;:&quot;none&quot;}\">\n\t\t\t<div class=\"elementor-widget-wrap elementor-element-populated\">\n\t\t\t\t\t\t<div class=\"elementor-element elementor-element-136be47 elementor-widget elementor-widget-heading\" data-id=\"136be47\" data-element_type=\"widget\" data-widget_type=\"heading.default\">\n\t\t\t\t<div class=\"elementor-widget-container\">\n\t\t\t\t\t<h2 class=\"elementor-heading-title elementor-size-default\">A synonym for social commitment<\/h2>\t\t\t\t<\/div>\n\t\t\t\t<\/div>\n\t\t\t\t<div class=\"elementor-element-custom_font_size elementor-element-custom_line_height elementor-element elementor-element-16a6d5c elementor-widget elementor-widget-text-editor\" data-id=\"16a6d5c\" data-element_type=\"widget\" data-widget_type=\"text-editor.default\">\n\t\t\t\t<div class=\"elementor-widget-container\">\n\t\t\t\t\t\t\t\t\t<p>The organization of the Entroido of Vilari\u00f1o de Conso brings together various forces and groups from the municipality, including the local administration and residents, whether individually, in groups, or represented through the Xuntos polo Fuli\u00f3n Association, which collaborates in organizing part of the festivities.<\/p><p>This association, founded in 2013, was created to preserve and maintain the cultural and natural heritage of Galicia, specifically that of Vilari\u00f1o de Conso.<\/p><p>The Vive Vilari\u00f1o Cultural, Social, Sports, Recreational, Ecological, Women's, Inclusion, and Rural Association, established in 2019, was founded with the goal of promoting the region\u2019s cultural traditions, including the Entroido.<\/p>\t\t\t\t\t\t\t\t<\/div>\n\t\t\t\t<\/div>\n\t\t\t\t<div class=\"elementor-element elementor-element-3c23507 gt3_rotated_element elementor-widget__width-initial elementor-absolute elementor-widget elementor-widget-image\" data-id=\"3c23507\" data-element_type=\"widget\" data-settings=\"{&quot;_position&quot;:&quot;absolute&quot;}\" data-widget_type=\"image.default\">\n\t\t\t\t<div class=\"elementor-widget-container\">\n\t\t\t\t\t\t\t\t\t\t\t\t\t\t\t<img loading=\"lazy\" decoding=\"async\" width=\"72\" height=\"74\" src=\"https:\/\/xn--entroidodevilariodeconso-glc.gal\/wp-content\/uploads\/2019\/12\/triangle_orange.png\" class=\"attachment-full size-full wp-image-3274\" alt=\"\" title=\"triangle\" \/>\t\t\t\t\t\t\t\t\t\t\t\t\t\t\t<\/div>\n\t\t\t\t<\/div>\n\t\t\t\t\t<\/div>\n\t\t<\/div>\n\t\t\t\t<div class=\"elementor-column elementor-col-50 elementor-top-column elementor-element elementor-element-cecddfc\" data-id=\"cecddfc\" data-element_type=\"column\" data-settings=\"{&quot;animation&quot;:&quot;none&quot;}\">\n\t\t\t<div class=\"elementor-widget-wrap elementor-element-populated\">\n\t\t\t\t\t\t<div class=\"elementor-element elementor-element-8ee29ef elementor-arrows-position-inside elementor-widget elementor-widget-image-carousel\" data-id=\"8ee29ef\" data-element_type=\"widget\" data-settings=\"{&quot;slides_to_show&quot;:&quot;1&quot;,&quot;navigation&quot;:&quot;arrows&quot;,&quot;effect&quot;:&quot;fade&quot;,&quot;_animation&quot;:&quot;none&quot;,&quot;autoplay&quot;:&quot;yes&quot;,&quot;pause_on_hover&quot;:&quot;yes&quot;,&quot;pause_on_interaction&quot;:&quot;yes&quot;,&quot;autoplay_speed&quot;:5000,&quot;infinite&quot;:&quot;yes&quot;,&quot;speed&quot;:500}\" data-widget_type=\"image-carousel.default\">\n\t\t\t\t<div class=\"elementor-widget-container\">\n\t\t\t\t\t\t\t<div class=\"elementor-image-carousel-wrapper swiper\" role=\"region\" aria-roledescription=\"carousel\" aria-label=\"Carrusel de im\u00e1genes\" dir=\"ltr\">\n\t\t\t<div class=\"elementor-image-carousel swiper-wrapper\" aria-live=\"off\">\n\t\t\t\t\t\t\t\t<div class=\"swiper-slide\" role=\"group\" aria-roledescription=\"slide\" aria-label=\"1 de 3\"><figure class=\"swiper-slide-inner\"><img decoding=\"async\" class=\"swiper-slide-image\" src=\"https:\/\/xn--entroidodevilariodeconso-glc.gal\/wp-content\/uploads\/2024\/02\/Galeria-Vilarino-2.jpg\" alt=\"Vilari\u00f1o comida do cabrito\" \/><\/figure><\/div><div class=\"swiper-slide\" role=\"group\" aria-roledescription=\"slide\" aria-label=\"2 de 3\"><figure class=\"swiper-slide-inner\"><img decoding=\"async\" class=\"swiper-slide-image\" src=\"https:\/\/xn--entroidodevilariodeconso-glc.gal\/wp-content\/uploads\/2024\/02\/Galeria-Vilarino-1.jpg\" alt=\"Vilari\u00f1o Marcos tocando\" \/><\/figure><\/div><div class=\"swiper-slide\" role=\"group\" aria-roledescription=\"slide\" aria-label=\"3 de 3\"><figure class=\"swiper-slide-inner\"><img decoding=\"async\" class=\"swiper-slide-image\" src=\"https:\/\/xn--entroidodevilariodeconso-glc.gal\/wp-content\/uploads\/2024\/02\/Galeria-Vilarino-3.jpg\" alt=\"Pinchos fuliada\" \/><\/figure><\/div>\t\t\t<\/div>\n\t\t\t\t\t\t\t\t\t\t\t\t<div class=\"elementor-swiper-button elementor-swiper-button-prev\" role=\"button\" tabindex=\"0\">\n\t\t\t\t\t\t<i aria-hidden=\"true\" class=\"eicon-chevron-left\"><\/i>\t\t\t\t\t<\/div>\n\t\t\t\t\t<div class=\"elementor-swiper-button elementor-swiper-button-next\" role=\"button\" tabindex=\"0\">\n\t\t\t\t\t\t<i aria-hidden=\"true\" class=\"eicon-chevron-right\"><\/i>\t\t\t\t\t<\/div>\n\t\t\t\t\n\t\t\t\t\t\t\t\t\t<\/div>\n\t\t\t\t\t\t<\/div>\n\t\t\t\t<\/div>\n\t\t\t\t<div class=\"elementor-element elementor-element-21f894c gt3_rotated_element elementor-widget__width-initial elementor-absolute elementor-widget elementor-widget-html\" data-id=\"21f894c\" data-element_type=\"widget\" data-settings=\"{&quot;_position&quot;:&quot;absolute&quot;}\" data-widget_type=\"html.default\">\n\t\t\t\t<div class=\"elementor-widget-container\">\n\t\t\t\t\t<svg xmlns=\"http:\/\/www.w3.org\/2000\/svg\" width=\"21px\" height=\"21px\">\n    <path fill=\"rgb(59, 54, 99)\" d=\"M20.459,16.250 C19.769,17.446 18.240,17.855 17.044,17.165 L11.415,13.915 L8.165,19.544 C7.475,20.740 5.946,21.150 4.750,20.459 C3.554,19.769 3.145,18.240 3.835,17.044 L7.085,11.415 L1.456,8.165 C0.260,7.475 -0.150,5.946 0.541,4.750 C1.231,3.554 2.760,3.144 3.956,3.835 L9.585,7.085 L12.835,1.456 C13.525,0.260 15.054,-0.150 16.250,0.541 C17.446,1.231 17.855,2.760 17.165,3.956 L13.915,9.585 L19.544,12.835 C20.740,13.525 21.150,15.054 20.459,16.250 Z\"\/>\n<\/svg>\t\t\t\t<\/div>\n\t\t\t\t<\/div>\n\t\t\t\t<div class=\"elementor-element elementor-element-00f2fd5 gt3_moved_element elementor-widget__width-initial elementor-absolute elementor-widget elementor-widget-html\" data-id=\"00f2fd5\" data-element_type=\"widget\" data-settings=\"{&quot;_position&quot;:&quot;absolute&quot;}\" data-widget_type=\"html.default\">\n\t\t\t\t<div class=\"elementor-widget-container\">\n\t\t\t\t\t<svg xmlns=\"http:\/\/www.w3.org\/2000\/svg\" width=\"13px\" height=\"13px\">\n    <path fill=\"rgb(87, 230, 193)\"\n          d=\"M11.927,6.550 L8.279,7.527 L9.256,11.175 C9.464,11.950 9.004,12.746 8.229,12.954 C7.454,13.162 6.658,12.702 6.450,11.927 L5.473,8.279 L1.825,9.257 C1.050,9.464 0.254,9.004 0.046,8.229 C-0.162,7.454 0.298,6.658 1.073,6.450 L4.721,5.473 L3.744,1.825 C3.536,1.050 3.996,0.254 4.771,0.046 C5.546,-0.161 6.342,0.298 6.550,1.073 L7.527,4.721 L11.175,3.744 C11.950,3.536 12.746,3.996 12.954,4.771 C13.162,5.545 12.702,6.342 11.927,6.550 Z\"\/>\n<\/svg>\t\t\t\t<\/div>\n\t\t\t\t<\/div>\n\t\t\t\t\t<\/div>\n\t\t<\/div>\n\t\t\t\t\t<\/div>\n\t\t<\/section>\n\t\t\t\t<section class=\"elementor-section elementor-top-section elementor-element elementor-element-ac33e7c elementor-section-boxed elementor-section-height-default elementor-section-height-default\" data-id=\"ac33e7c\" data-element_type=\"section\" id=\"festadocabrito\">\n\t\t\t\t\t\t<div class=\"elementor-container elementor-column-gap-default\">\n\t\t\t\t\t<div class=\"elementor-column elementor-col-100 elementor-top-column elementor-element elementor-element-9362caa\" data-id=\"9362caa\" data-element_type=\"column\">\n\t\t\t<div class=\"elementor-widget-wrap elementor-element-populated\">\n\t\t\t\t\t\t<div class=\"elementor-element elementor-element-1fd71db elementor-widget elementor-widget-spacer\" data-id=\"1fd71db\" data-element_type=\"widget\" data-widget_type=\"spacer.default\">\n\t\t\t\t<div class=\"elementor-widget-container\">\n\t\t\t\t\t\t\t<div class=\"elementor-spacer\">\n\t\t\t<div class=\"elementor-spacer-inner\"><\/div>\n\t\t<\/div>\n\t\t\t\t\t\t<\/div>\n\t\t\t\t<\/div>\n\t\t\t\t\t<\/div>\n\t\t<\/div>\n\t\t\t\t\t<\/div>\n\t\t<\/section>\n\t\t\t\t<section class=\"elementor-section elementor-top-section elementor-element elementor-element-588fcab elementor-section-boxed elementor-section-height-default elementor-section-height-default\" data-id=\"588fcab\" data-element_type=\"section\" data-settings=\"{&quot;background_background&quot;:&quot;classic&quot;,&quot;animation&quot;:&quot;none&quot;}\">\n\t\t\t\t\t\t<div class=\"elementor-container elementor-column-gap-default\">\n\t\t\t\t\t<div class=\"elementor-column elementor-col-50 elementor-top-column elementor-element elementor-element-63fd403 elementor-invisible\" data-id=\"63fd403\" data-element_type=\"column\" data-settings=\"{&quot;background_background&quot;:&quot;classic&quot;,&quot;animation&quot;:&quot;fadeIn&quot;}\">\n\t\t\t<div class=\"elementor-widget-wrap elementor-element-populated\">\n\t\t\t\t\t\t<div class=\"elementor-element elementor-element-8b4b8e2 elementor-widget elementor-widget-image\" data-id=\"8b4b8e2\" data-element_type=\"widget\" data-widget_type=\"image.default\">\n\t\t\t\t<div class=\"elementor-widget-container\">\n\t\t\t\t\t\t\t\t\t\t\t\t\t\t\t<img loading=\"lazy\" decoding=\"async\" width=\"764\" height=\"624\" src=\"https:\/\/xn--entroidodevilariodeconso-glc.gal\/wp-content\/uploads\/2024\/02\/Festa-do-Cabrito_Vilarino.png\" class=\"attachment-full size-full wp-image-13400\" alt=\"\" srcset=\"https:\/\/xn--entroidodevilariodeconso-glc.gal\/wp-content\/uploads\/2024\/02\/Festa-do-Cabrito_Vilarino.png 764w, https:\/\/xn--entroidodevilariodeconso-glc.gal\/wp-content\/uploads\/2024\/02\/Festa-do-Cabrito_Vilarino-300x245.png 300w, https:\/\/xn--entroidodevilariodeconso-glc.gal\/wp-content\/uploads\/2024\/02\/Festa-do-Cabrito_Vilarino-480x392.png 480w\" sizes=\"auto, (max-width: 764px) 100vw, 764px\" title=\"Festa do Cabrito en Vilari\u00f1o de Conso\" \/>\t\t\t\t\t\t\t\t\t\t\t\t\t\t\t<\/div>\n\t\t\t\t<\/div>\n\t\t\t\t\t<\/div>\n\t\t<\/div>\n\t\t\t\t<div class=\"elementor-column elementor-col-50 elementor-top-column elementor-element elementor-element-ea4ca7d\" data-id=\"ea4ca7d\" data-element_type=\"column\">\n\t\t\t<div class=\"elementor-widget-wrap elementor-element-populated\">\n\t\t\t\t\t\t<section class=\"elementor-section elementor-inner-section elementor-element elementor-element-ffbfcf3 elementor-section-boxed elementor-section-height-default elementor-section-height-default\" data-id=\"ffbfcf3\" data-element_type=\"section\">\n\t\t\t\t\t\t<div class=\"elementor-container elementor-column-gap-default\">\n\t\t\t\t\t<div class=\"elementor-column elementor-col-100 elementor-inner-column elementor-element elementor-element-2ae89d3\" data-id=\"2ae89d3\" data-element_type=\"column\">\n\t\t\t<div class=\"elementor-widget-wrap elementor-element-populated\">\n\t\t\t\t\t\t<div class=\"elementor-element elementor-element-3a9582d elementor-widget__width-auto elementor-absolute elementor-widget elementor-widget-image\" data-id=\"3a9582d\" data-element_type=\"widget\" data-settings=\"{&quot;_position&quot;:&quot;absolute&quot;}\" data-widget_type=\"image.default\">\n\t\t\t\t<div class=\"elementor-widget-container\">\n\t\t\t\t\t\t\t\t\t\t\t\t\t\t\t<img loading=\"lazy\" decoding=\"async\" width=\"175\" height=\"175\" src=\"https:\/\/xn--entroidodevilariodeconso-glc.gal\/wp-content\/uploads\/2020\/03\/round-points.png\" class=\"attachment-full size-full wp-image-3808\" alt=\"\" srcset=\"https:\/\/xn--entroidodevilariodeconso-glc.gal\/wp-content\/uploads\/2020\/03\/round-points.png 175w, https:\/\/xn--entroidodevilariodeconso-glc.gal\/wp-content\/uploads\/2020\/03\/round-points-150x150.png 150w\" sizes=\"auto, (max-width: 175px) 100vw, 175px\" title=\"Vilari\u00f1o de Conso\" \/>\t\t\t\t\t\t\t\t\t\t\t\t\t\t\t<\/div>\n\t\t\t\t<\/div>\n\t\t\t\t<div class=\"elementor-element elementor-element-aa6a2f5 elementor-widget elementor-widget-heading\" data-id=\"aa6a2f5\" data-element_type=\"widget\" data-widget_type=\"heading.default\">\n\t\t\t\t<div class=\"elementor-widget-container\">\n\t\t\t\t\t<h2 class=\"elementor-heading-title elementor-size-default\">Festa do Cabrito<\/h2>\t\t\t\t<\/div>\n\t\t\t\t<\/div>\n\t\t\t\t<div class=\"elementor-element-custom_font_size elementor-element-custom_line_height elementor-element elementor-element-3417fbd elementor-widget elementor-widget-text-editor\" data-id=\"3417fbd\" data-element_type=\"widget\" data-widget_type=\"text-editor.default\">\n\t\t\t\t<div class=\"elementor-widget-container\">\n\t\t\t\t\t\t\t\t\t<p>In its 36th edition, the \u201cFesta do Cabrito\u201d solidifies its position as one of the central events of the Carnival in Vilari\u00f1o de Conso.<\/p><p>This celebration began in 1988, a year in which the surplus of this product necessitated finding an alternative means of distribution. Carnival was chosen as the date for the festival due to it being a period when this food typically experiences low sales.<\/p><p>Over the decades, the \u201cFesta do Cabrito\u201d has evolved with minor adjustments: whereas it was originally held on Fat Sunday or Carnival Sunday, in recent times it has been moved to Saturday. This decision was made to avoid overlapping with the festivities of Viana do Bolo and Manzaneda, towns with which Vilari\u00f1o is promoting a joint celebration, known as the \"magic triangle\" of Carnival in the Central Massif of the province of Ourense.<\/p><p>In addition to its gastronomic character, the festival is imbued with cultural significance. The \u201ccabrito\u201d (young goat) is one of the traditional animals of the area, with a key role in the traditional economy based on high mountain grazing, an activity that is still practiced in few municipalities in Galicia. Furthermore, this food is roasted in the characteristic wood-fired oven, as it has been done for decades.<\/p>\t\t\t\t\t\t\t\t<\/div>\n\t\t\t\t<\/div>\n\t\t\t\t\t<\/div>\n\t\t<\/div>\n\t\t\t\t\t<\/div>\n\t\t<\/section>\n\t\t\t\t\t<\/div>\n\t\t<\/div>\n\t\t\t\t\t<\/div>\n\t\t<\/section>\n\t\t\t\t<section class=\"elementor-section elementor-top-section elementor-element elementor-element-60f36e1 elementor-section-boxed elementor-section-height-default elementor-section-height-default\" data-id=\"60f36e1\" data-element_type=\"section\" id=\"personajes\">\n\t\t\t\t\t\t<div class=\"elementor-container elementor-column-gap-default\">\n\t\t\t\t\t<div class=\"elementor-column elementor-col-100 elementor-top-column elementor-element elementor-element-840f757\" data-id=\"840f757\" data-element_type=\"column\">\n\t\t\t<div class=\"elementor-widget-wrap elementor-element-populated\">\n\t\t\t\t\t\t<div class=\"elementor-element elementor-element-da93481 elementor-widget elementor-widget-spacer\" data-id=\"da93481\" data-element_type=\"widget\" data-widget_type=\"spacer.default\">\n\t\t\t\t<div class=\"elementor-widget-container\">\n\t\t\t\t\t\t\t<div class=\"elementor-spacer\">\n\t\t\t<div class=\"elementor-spacer-inner\"><\/div>\n\t\t<\/div>\n\t\t\t\t\t\t<\/div>\n\t\t\t\t<\/div>\n\t\t\t\t\t<\/div>\n\t\t<\/div>\n\t\t\t\t\t<\/div>\n\t\t<\/section>\n\t\t\t\t<section class=\"elementor-section elementor-top-section elementor-element elementor-element-713dba9 elementor-section-boxed elementor-section-height-default elementor-section-height-default\" data-id=\"713dba9\" data-element_type=\"section\" data-settings=\"{&quot;background_background&quot;:&quot;classic&quot;}\">\n\t\t\t\t\t\t<div class=\"elementor-container elementor-column-gap-default\">\n\t\t\t\t\t<div class=\"elementor-column elementor-col-50 elementor-top-column elementor-element elementor-element-be82ea3\" data-id=\"be82ea3\" data-element_type=\"column\">\n\t\t\t<div class=\"elementor-widget-wrap elementor-element-populated\">\n\t\t\t\t\t\t<section class=\"elementor-section elementor-inner-section elementor-element elementor-element-c341386 elementor-section-boxed elementor-section-height-default elementor-section-height-default\" data-id=\"c341386\" data-element_type=\"section\">\n\t\t\t\t\t\t<div class=\"elementor-container elementor-column-gap-default\">\n\t\t\t\t\t<div class=\"elementor-column elementor-col-100 elementor-inner-column elementor-element elementor-element-e8cb790\" data-id=\"e8cb790\" data-element_type=\"column\">\n\t\t\t<div class=\"elementor-widget-wrap elementor-element-populated\">\n\t\t\t\t\t\t<div class=\"elementor-element elementor-element-627f978 elementor-widget elementor-widget-heading\" data-id=\"627f978\" data-element_type=\"widget\" data-widget_type=\"heading.default\">\n\t\t\t\t<div class=\"elementor-widget-container\">\n\t\t\t\t\t<h2 class=\"elementor-heading-title elementor-size-default\">Characters of the Entroido<\/h2>\t\t\t\t<\/div>\n\t\t\t\t<\/div>\n\t\t\t\t<div class=\"elementor-element elementor-element-4dcaa0d elementor-widget elementor-widget-accordion\" data-id=\"4dcaa0d\" data-element_type=\"widget\" data-widget_type=\"accordion.default\">\n\t\t\t\t<div class=\"elementor-widget-container\">\n\t\t\t\t\t\t\t<div class=\"elementor-accordion\">\n\t\t\t\t\t\t\t<div class=\"elementor-accordion-item\">\n\t\t\t\t\t<div id=\"elementor-tab-title-8151\" class=\"elementor-tab-title\" data-tab=\"1\" role=\"button\" aria-controls=\"elementor-tab-content-8151\" aria-expanded=\"false\">\n\t\t\t\t\t\t\t\t\t\t\t\t\t<span class=\"elementor-accordion-icon elementor-accordion-icon-right\" aria-hidden=\"true\">\n\t\t\t\t\t\t\t\t\t\t\t\t\t\t\t<span class=\"elementor-accordion-icon-closed\"><svg xmlns=\"http:\/\/www.w3.org\/2000\/svg\" xmlns:xlink=\"http:\/\/www.w3.org\/1999\/xlink\" x=\"0px\" y=\"0px\" viewbox=\"0 0 42 42\" style=\"enable-background:new 0 0 42 42;\" xml:space=\"preserve\"><polygon points=\"42,19 23,19 23,0 19,0 19,19 0,19 0,23 19,23 19,42 23,42 23,23 42,23 \"><\/polygon><g><\/g><g><\/g><g><\/g><g><\/g><g><\/g><g><\/g><g><\/g><g><\/g><g><\/g><g><\/g><g><\/g><g><\/g><g><\/g><g><\/g><g><\/g><\/svg><\/span>\n\t\t\t\t\t\t\t\t<span class=\"elementor-accordion-icon-opened\"><svg xmlns=\"http:\/\/www.w3.org\/2000\/svg\" xmlns:xlink=\"http:\/\/www.w3.org\/1999\/xlink\" x=\"0px\" y=\"0px\" viewbox=\"0 0 42 42\" style=\"enable-background:new 0 0 42 42;\" xml:space=\"preserve\"><rect y=\"19\" width=\"42\" height=\"4\"><\/rect><g><\/g><g><\/g><g><\/g><g><\/g><g><\/g><g><\/g><g><\/g><g><\/g><g><\/g><g><\/g><g><\/g><g><\/g><g><\/g><g><\/g><g><\/g><\/svg><\/span>\n\t\t\t\t\t\t\t\t\t\t\t\t\t\t<\/span>\n\t\t\t\t\t\t\t\t\t\t\t\t<a class=\"elementor-accordion-title\" tabindex=\"0\">Boteiro<\/a>\n\t\t\t\t\t<\/div>\n\t\t\t\t\t<div id=\"elementor-tab-content-8151\" class=\"elementor-tab-content elementor-clearfix\" data-tab=\"1\" role=\"region\" aria-labelledby=\"elementor-tab-title-8151\"><p>This figure of the Vilari\u00f1o de Conso Carnival connects with the tradition of other carnival protagonists in the province of Ourense. Each village in Vilari\u00f1o has its own\u201d boteiro\u201d, a man or woman from the locality.<\/p><p>Their attire is characterized by an elaborately decorated white shirt, adorned with ribbons of various colors sewn in gathers, worn with a tie. The trousers are red satin with sewn fringes, paired with a belt with bells.<\/p><p>The mask consists of a mask, complete with mustache, sideburns, and beard, and a rectangular screen with drawings that vary in each parish. The attire of the \u201cboteir\u201do from \u201cMormentelos\u201d differs, with a hat-like structure instead of the mask from Vilari\u00f1o and loose ribbons on the shirt.<\/p><p>They carry a monca in their hand, a rod or stick, with which they pave the way for the fuli\u00f3n, who leads the way.<\/p><\/div>\n\t\t\t\t<\/div>\n\t\t\t\t\t\t\t<div class=\"elementor-accordion-item\">\n\t\t\t\t\t<div id=\"elementor-tab-title-8152\" class=\"elementor-tab-title\" data-tab=\"2\" role=\"button\" aria-controls=\"elementor-tab-content-8152\" aria-expanded=\"false\">\n\t\t\t\t\t\t\t\t\t\t\t\t\t<span class=\"elementor-accordion-icon elementor-accordion-icon-right\" aria-hidden=\"true\">\n\t\t\t\t\t\t\t\t\t\t\t\t\t\t\t<span class=\"elementor-accordion-icon-closed\"><svg xmlns=\"http:\/\/www.w3.org\/2000\/svg\" xmlns:xlink=\"http:\/\/www.w3.org\/1999\/xlink\" x=\"0px\" y=\"0px\" viewbox=\"0 0 42 42\" style=\"enable-background:new 0 0 42 42;\" xml:space=\"preserve\"><polygon points=\"42,19 23,19 23,0 19,0 19,19 0,19 0,23 19,23 19,42 23,42 23,23 42,23 \"><\/polygon><g><\/g><g><\/g><g><\/g><g><\/g><g><\/g><g><\/g><g><\/g><g><\/g><g><\/g><g><\/g><g><\/g><g><\/g><g><\/g><g><\/g><g><\/g><\/svg><\/span>\n\t\t\t\t\t\t\t\t<span class=\"elementor-accordion-icon-opened\"><svg xmlns=\"http:\/\/www.w3.org\/2000\/svg\" xmlns:xlink=\"http:\/\/www.w3.org\/1999\/xlink\" x=\"0px\" y=\"0px\" viewbox=\"0 0 42 42\" style=\"enable-background:new 0 0 42 42;\" xml:space=\"preserve\"><rect y=\"19\" width=\"42\" height=\"4\"><\/rect><g><\/g><g><\/g><g><\/g><g><\/g><g><\/g><g><\/g><g><\/g><g><\/g><g><\/g><g><\/g><g><\/g><g><\/g><g><\/g><g><\/g><g><\/g><\/svg><\/span>\n\t\t\t\t\t\t\t\t\t\t\t\t\t\t<\/span>\n\t\t\t\t\t\t\t\t\t\t\t\t<a class=\"elementor-accordion-title\" tabindex=\"0\">Fuli\u00f3n<\/a>\n\t\t\t\t\t<\/div>\n\t\t\t\t\t<div id=\"elementor-tab-content-8152\" class=\"elementor-tab-content elementor-clearfix\" data-tab=\"2\" role=\"region\" aria-labelledby=\"elementor-tab-title-8152\"><p>The fuli\u00f3n or foli\u00f3n consists of a group of people of all ages from the same village. This group travels through the streets of neighboring towns playing drums and bass drums, which are made in the municipality itself, as well as sickles and other farming tools.<\/p><p>In Vilari\u00f1o de Conso, each parish or village has a different sound that identifies and sets it apart from the rest of the population centers, a tradition passed down from generation to generation.<\/p><p>Traditionally, those participating in the same fuli\u00f3n dress in the same attire: corduroy trousers and vest, linen shirt, a beret or hat, and \"galochos.\"<\/p><p>In Vilari\u00f1o, the highlight of the fuli\u00f3n parade is Carnival Saturday, when a parade is held featuring groups from all the parishes and neighboring municipalities.<\/p><\/div>\n\t\t\t\t<\/div>\n\t\t\t\t\t\t\t<div class=\"elementor-accordion-item\">\n\t\t\t\t\t<div id=\"elementor-tab-title-8153\" class=\"elementor-tab-title\" data-tab=\"3\" role=\"button\" aria-controls=\"elementor-tab-content-8153\" aria-expanded=\"false\">\n\t\t\t\t\t\t\t\t\t\t\t\t\t<span class=\"elementor-accordion-icon elementor-accordion-icon-right\" aria-hidden=\"true\">\n\t\t\t\t\t\t\t\t\t\t\t\t\t\t\t<span class=\"elementor-accordion-icon-closed\"><svg xmlns=\"http:\/\/www.w3.org\/2000\/svg\" xmlns:xlink=\"http:\/\/www.w3.org\/1999\/xlink\" x=\"0px\" y=\"0px\" viewbox=\"0 0 42 42\" style=\"enable-background:new 0 0 42 42;\" xml:space=\"preserve\"><polygon points=\"42,19 23,19 23,0 19,0 19,19 0,19 0,23 19,23 19,42 23,42 23,23 42,23 \"><\/polygon><g><\/g><g><\/g><g><\/g><g><\/g><g><\/g><g><\/g><g><\/g><g><\/g><g><\/g><g><\/g><g><\/g><g><\/g><g><\/g><g><\/g><g><\/g><\/svg><\/span>\n\t\t\t\t\t\t\t\t<span class=\"elementor-accordion-icon-opened\"><svg xmlns=\"http:\/\/www.w3.org\/2000\/svg\" xmlns:xlink=\"http:\/\/www.w3.org\/1999\/xlink\" x=\"0px\" y=\"0px\" viewbox=\"0 0 42 42\" style=\"enable-background:new 0 0 42 42;\" xml:space=\"preserve\"><rect y=\"19\" width=\"42\" height=\"4\"><\/rect><g><\/g><g><\/g><g><\/g><g><\/g><g><\/g><g><\/g><g><\/g><g><\/g><g><\/g><g><\/g><g><\/g><g><\/g><g><\/g><g><\/g><g><\/g><\/svg><\/span>\n\t\t\t\t\t\t\t\t\t\t\t\t\t\t<\/span>\n\t\t\t\t\t\t\t\t\t\t\t\t<a class=\"elementor-accordion-title\" tabindex=\"0\">Fuliadas<\/a>\n\t\t\t\t\t<\/div>\n\t\t\t\t\t<div id=\"elementor-tab-content-8153\" class=\"elementor-tab-content elementor-clearfix\" data-tab=\"3\" role=\"region\" aria-labelledby=\"elementor-tab-title-8153\"><p>The \u201cfuliadas or foliadas\u201d has the tradition of popular humor and mockery that characterize the carnival season. Here, various satirical and burlesque pieces are performed, usually in verse, with one or more individuals dressed in disguise.<\/p><p>A master of ceremonies is responsible for presenting and linking the different performances, as well as closing the event by apologizing in case anyone has felt offended by the foliada.<\/p><p>Carnival in Vilari\u00f1o de Conso is a typical representation of the province of Ourense. Although it was lost in Vilari\u00f1o de Conso for several years, efforts have been made to revive it in recent years.<\/p><\/div>\n\t\t\t\t<\/div>\n\t\t\t\t\t\t\t<div class=\"elementor-accordion-item\">\n\t\t\t\t\t<div id=\"elementor-tab-title-8154\" class=\"elementor-tab-title\" data-tab=\"4\" role=\"button\" aria-controls=\"elementor-tab-content-8154\" aria-expanded=\"false\">\n\t\t\t\t\t\t\t\t\t\t\t\t\t<span class=\"elementor-accordion-icon elementor-accordion-icon-right\" aria-hidden=\"true\">\n\t\t\t\t\t\t\t\t\t\t\t\t\t\t\t<span class=\"elementor-accordion-icon-closed\"><svg xmlns=\"http:\/\/www.w3.org\/2000\/svg\" xmlns:xlink=\"http:\/\/www.w3.org\/1999\/xlink\" x=\"0px\" y=\"0px\" viewbox=\"0 0 42 42\" style=\"enable-background:new 0 0 42 42;\" xml:space=\"preserve\"><polygon points=\"42,19 23,19 23,0 19,0 19,19 0,19 0,23 19,23 19,42 23,42 23,23 42,23 \"><\/polygon><g><\/g><g><\/g><g><\/g><g><\/g><g><\/g><g><\/g><g><\/g><g><\/g><g><\/g><g><\/g><g><\/g><g><\/g><g><\/g><g><\/g><g><\/g><\/svg><\/span>\n\t\t\t\t\t\t\t\t<span class=\"elementor-accordion-icon-opened\"><svg xmlns=\"http:\/\/www.w3.org\/2000\/svg\" xmlns:xlink=\"http:\/\/www.w3.org\/1999\/xlink\" x=\"0px\" y=\"0px\" viewbox=\"0 0 42 42\" style=\"enable-background:new 0 0 42 42;\" xml:space=\"preserve\"><rect y=\"19\" width=\"42\" height=\"4\"><\/rect><g><\/g><g><\/g><g><\/g><g><\/g><g><\/g><g><\/g><g><\/g><g><\/g><g><\/g><g><\/g><g><\/g><g><\/g><g><\/g><g><\/g><g><\/g><\/svg><\/span>\n\t\t\t\t\t\t\t\t\t\t\t\t\t\t<\/span>\n\t\t\t\t\t\t\t\t\t\t\t\t<a class=\"elementor-accordion-title\" tabindex=\"0\">Compadres Thursday, Comadres Thursday<\/a>\n\t\t\t\t\t<\/div>\n\t\t\t\t\t<div id=\"elementor-tab-content-8154\" class=\"elementor-tab-content elementor-clearfix\" data-tab=\"4\" role=\"region\" aria-labelledby=\"elementor-tab-title-8154\"><p>Carnival in Vilari\u00f1o de Conso begins the week before the actual Carnival. The Thursday of that week is Compadres Thursday, which is nine days before Carnival Saturday. Here, women hang a doll dressed in men's clothing from the village, which the men must try to take down. Battles between people of both sexes are organized, traditionally involving the use of flour.<\/p><p>The following Thursday, two days before Carnival Saturday, is \u201cComadres Thursday\u201d, where roles are reversed, and men make the doll while women must retrieve it.<\/p><p>Today, these celebrations are complemented with a dinner on each of the days: the \"Compadres Dinner\" and the \"Comadres Dinner.\" It is also common for these celebrations to be moved to the following Friday.<\/p><\/div>\n\t\t\t\t<\/div>\n\t\t\t\t\t\t\t<div class=\"elementor-accordion-item\">\n\t\t\t\t\t<div id=\"elementor-tab-title-8155\" class=\"elementor-tab-title\" data-tab=\"5\" role=\"button\" aria-controls=\"elementor-tab-content-8155\" aria-expanded=\"false\">\n\t\t\t\t\t\t\t\t\t\t\t\t\t<span class=\"elementor-accordion-icon elementor-accordion-icon-right\" aria-hidden=\"true\">\n\t\t\t\t\t\t\t\t\t\t\t\t\t\t\t<span class=\"elementor-accordion-icon-closed\"><svg xmlns=\"http:\/\/www.w3.org\/2000\/svg\" xmlns:xlink=\"http:\/\/www.w3.org\/1999\/xlink\" x=\"0px\" y=\"0px\" viewbox=\"0 0 42 42\" style=\"enable-background:new 0 0 42 42;\" xml:space=\"preserve\"><polygon points=\"42,19 23,19 23,0 19,0 19,19 0,19 0,23 19,23 19,42 23,42 23,23 42,23 \"><\/polygon><g><\/g><g><\/g><g><\/g><g><\/g><g><\/g><g><\/g><g><\/g><g><\/g><g><\/g><g><\/g><g><\/g><g><\/g><g><\/g><g><\/g><g><\/g><\/svg><\/span>\n\t\t\t\t\t\t\t\t<span class=\"elementor-accordion-icon-opened\"><svg xmlns=\"http:\/\/www.w3.org\/2000\/svg\" xmlns:xlink=\"http:\/\/www.w3.org\/1999\/xlink\" x=\"0px\" y=\"0px\" viewbox=\"0 0 42 42\" style=\"enable-background:new 0 0 42 42;\" xml:space=\"preserve\"><rect y=\"19\" width=\"42\" height=\"4\"><\/rect><g><\/g><g><\/g><g><\/g><g><\/g><g><\/g><g><\/g><g><\/g><g><\/g><g><\/g><g><\/g><g><\/g><g><\/g><g><\/g><g><\/g><g><\/g><\/svg><\/span>\n\t\t\t\t\t\t\t\t\t\t\t\t\t\t<\/span>\n\t\t\t\t\t\t\t\t\t\t\t\t<a class=\"elementor-accordion-title\" tabindex=\"0\">Lardeiro and Lardeira<\/a>\n\t\t\t\t\t<\/div>\n\t\t\t\t\t<div id=\"elementor-tab-content-8155\" class=\"elementor-tab-content elementor-clearfix\" data-tab=\"5\" role=\"region\" aria-labelledby=\"elementor-tab-title-8155\"><p>These figures are the protagonists of \u201cCompadres Thursday and Comadres Thursday\u201d. On Compares Thursday, women create the \u201clardeiro\u201d, a doll traditionally made of straw and dressed in clothing stolen from the men of the village. The following week, 4 it is the lardeira's turn, prepared by men and dressed in women's clothing from the village.<\/p><p>\u201cLardeiro and lardeira\u201d are hung in one of the highest points of the village. Typically, these figures remain on display during the Carnival festivities until they are burned on Carnival Tuesday to be buried on \u201cAsh Wednesday\u201d.<\/p><\/div>\n\t\t\t\t<\/div>\n\t\t\t\t\t\t\t\t<\/div>\n\t\t\t\t\t\t<\/div>\n\t\t\t\t<\/div>\n\t\t\t\t<div class=\"elementor-element elementor-element-25945ce elementor-widget elementor-widget-spacer\" data-id=\"25945ce\" data-element_type=\"widget\" data-widget_type=\"spacer.default\">\n\t\t\t\t<div class=\"elementor-widget-container\">\n\t\t\t\t\t\t\t<div class=\"elementor-spacer\">\n\t\t\t<div class=\"elementor-spacer-inner\"><\/div>\n\t\t<\/div>\n\t\t\t\t\t\t<\/div>\n\t\t\t\t<\/div>\n\t\t\t\t<div class=\"elementor-element elementor-element-f0c1deb gt3_rotated_element elementor-widget__width-initial elementor-absolute elementor-widget elementor-widget-html\" data-id=\"f0c1deb\" data-element_type=\"widget\" data-settings=\"{&quot;_position&quot;:&quot;absolute&quot;}\" data-widget_type=\"html.default\">\n\t\t\t\t<div class=\"elementor-widget-container\">\n\t\t\t\t\t<svg xmlns=\"http:\/\/www.w3.org\/2000\/svg\" width=\"21px\" height=\"21px\">\n    <path fill=\"rgb(59, 54, 99)\" d=\"M20.459,16.250 C19.769,17.446 18.240,17.855 17.044,17.165 L11.415,13.915 L8.165,19.544 C7.475,20.740 5.946,21.150 4.750,20.459 C3.554,19.769 3.145,18.240 3.835,17.044 L7.085,11.415 L1.456,8.165 C0.260,7.475 -0.150,5.946 0.541,4.750 C1.231,3.554 2.760,3.144 3.956,3.835 L9.585,7.085 L12.835,1.456 C13.525,0.260 15.054,-0.150 16.250,0.541 C17.446,1.231 17.855,2.760 17.165,3.956 L13.915,9.585 L19.544,12.835 C20.740,13.525 21.150,15.054 20.459,16.250 Z\"\/>\n<\/svg>\t\t\t\t<\/div>\n\t\t\t\t<\/div>\n\t\t\t\t<div class=\"elementor-element elementor-element-48d1e5e gt3_moved_element elementor-widget__width-initial elementor-absolute elementor-widget elementor-widget-html\" data-id=\"48d1e5e\" data-element_type=\"widget\" data-settings=\"{&quot;_position&quot;:&quot;absolute&quot;}\" data-widget_type=\"html.default\">\n\t\t\t\t<div class=\"elementor-widget-container\">\n\t\t\t\t\t<svg xmlns=\"http:\/\/www.w3.org\/2000\/svg\" width=\"13px\" height=\"13px\">\n    <path fill=\"rgb(87, 230, 193)\"\n          d=\"M11.927,6.550 L8.279,7.527 L9.256,11.175 C9.464,11.950 9.004,12.746 8.229,12.954 C7.454,13.162 6.658,12.702 6.450,11.927 L5.473,8.279 L1.825,9.257 C1.050,9.464 0.254,9.004 0.046,8.229 C-0.162,7.454 0.298,6.658 1.073,6.450 L4.721,5.473 L3.744,1.825 C3.536,1.050 3.996,0.254 4.771,0.046 C5.546,-0.161 6.342,0.298 6.550,1.073 L7.527,4.721 L11.175,3.744 C11.950,3.536 12.746,3.996 12.954,4.771 C13.162,5.545 12.702,6.342 11.927,6.550 Z\"\/>\n<\/svg>\t\t\t\t<\/div>\n\t\t\t\t<\/div>\n\t\t\t\t\t<\/div>\n\t\t<\/div>\n\t\t\t\t\t<\/div>\n\t\t<\/section>\n\t\t\t\t\t<\/div>\n\t\t<\/div>\n\t\t\t\t<div class=\"elementor-column elementor-col-50 elementor-top-column elementor-element elementor-element-86b789a elementor-invisible\" data-id=\"86b789a\" data-element_type=\"column\" data-settings=\"{&quot;background_background&quot;:&quot;classic&quot;,&quot;animation&quot;:&quot;fadeIn&quot;}\">\n\t\t\t<div class=\"elementor-widget-wrap elementor-element-populated\">\n\t\t\t\t\t\t<div class=\"elementor-element elementor-element-306494a elementor-widget elementor-widget-image\" data-id=\"306494a\" data-element_type=\"widget\" data-widget_type=\"image.default\">\n\t\t\t\t<div class=\"elementor-widget-container\">\n\t\t\t\t\t\t\t\t\t\t\t\t\t\t\t<img loading=\"lazy\" decoding=\"async\" width=\"600\" height=\"760\" src=\"https:\/\/xn--entroidodevilariodeconso-glc.gal\/wp-content\/uploads\/2024\/02\/Boteiros-Vilarino.jpg\" class=\"attachment-full size-full wp-image-13395\" alt=\"\" srcset=\"https:\/\/xn--entroidodevilariodeconso-glc.gal\/wp-content\/uploads\/2024\/02\/Boteiros-Vilarino.jpg 600w, https:\/\/xn--entroidodevilariodeconso-glc.gal\/wp-content\/uploads\/2024\/02\/Boteiros-Vilarino-237x300.jpg 237w, https:\/\/xn--entroidodevilariodeconso-glc.gal\/wp-content\/uploads\/2024\/02\/Boteiros-Vilarino-480x608.jpg 480w\" sizes=\"auto, (max-width: 600px) 100vw, 600px\" title=\"Boteiros Vilari\u00f1o de Conso\" \/>\t\t\t\t\t\t\t\t\t\t\t\t\t\t\t<\/div>\n\t\t\t\t<\/div>\n\t\t\t\t\t<\/div>\n\t\t<\/div>\n\t\t\t\t\t<\/div>\n\t\t<\/section>\n\t\t\t\t<section class=\"elementor-section elementor-top-section elementor-element elementor-element-ebc46c4 elementor-section-boxed elementor-section-height-default elementor-section-height-default\" data-id=\"ebc46c4\" data-element_type=\"section\" id=\"videos\">\n\t\t\t\t\t\t<div class=\"elementor-container elementor-column-gap-default\">\n\t\t\t\t\t<div class=\"elementor-column elementor-col-100 elementor-top-column elementor-element elementor-element-2f10e9e\" data-id=\"2f10e9e\" data-element_type=\"column\">\n\t\t\t<div class=\"elementor-widget-wrap elementor-element-populated\">\n\t\t\t\t\t\t<div class=\"elementor-element elementor-element-f403ad2 elementor-widget elementor-widget-spacer\" data-id=\"f403ad2\" data-element_type=\"widget\" data-widget_type=\"spacer.default\">\n\t\t\t\t<div class=\"elementor-widget-container\">\n\t\t\t\t\t\t\t<div class=\"elementor-spacer\">\n\t\t\t<div class=\"elementor-spacer-inner\"><\/div>\n\t\t<\/div>\n\t\t\t\t\t\t<\/div>\n\t\t\t\t<\/div>\n\t\t\t\t\t<\/div>\n\t\t<\/div>\n\t\t\t\t\t<\/div>\n\t\t<\/section>\n\t\t\t\t<section class=\"elementor-section elementor-top-section elementor-element elementor-element-2faee8dc elementor-section-boxed elementor-section-height-default elementor-section-height-default\" data-id=\"2faee8dc\" data-element_type=\"section\">\n\t\t\t\t\t\t<div class=\"elementor-container elementor-column-gap-default\">\n\t\t\t\t\t<div class=\"elementor-column elementor-col-100 elementor-top-column elementor-element elementor-element-7a4e117e\" data-id=\"7a4e117e\" data-element_type=\"column\">\n\t\t\t<div class=\"elementor-widget-wrap elementor-element-populated\">\n\t\t\t\t\t\t<div class=\"elementor-element elementor-element-53f2d37c elementor-widget elementor-widget-heading\" data-id=\"53f2d37c\" data-element_type=\"widget\" data-widget_type=\"heading.default\">\n\t\t\t\t<div class=\"elementor-widget-container\">\n\t\t\t\t\t<h2 class=\"elementor-heading-title elementor-size-default\">Videos of the Vilari\u00f1o Entroido<\/h2>\t\t\t\t<\/div>\n\t\t\t\t<\/div>\n\t\t\t\t<section class=\"elementor-section elementor-inner-section elementor-element elementor-element-50fe07f elementor-section-height-min-height elementor-section-boxed elementor-section-height-default\" data-id=\"50fe07f\" data-element_type=\"section\">\n\t\t\t\t\t\t<div class=\"elementor-container elementor-column-gap-default\">\n\t\t\t\t\t<div class=\"elementor-column elementor-col-33 elementor-inner-column elementor-element elementor-element-f2aa2a3\" data-id=\"f2aa2a3\" data-element_type=\"column\">\n\t\t\t<div class=\"elementor-widget-wrap elementor-element-populated\">\n\t\t\t\t\t\t<div class=\"elementor-element elementor-element-7f0df40 elementor-widget elementor-widget-heading\" data-id=\"7f0df40\" data-element_type=\"widget\" data-widget_type=\"heading.default\">\n\t\t\t\t<div class=\"elementor-widget-container\">\n\t\t\t\t\t<h3 class=\"elementor-heading-title elementor-size-default\">Vibomask festival 2022<\/h3>\t\t\t\t<\/div>\n\t\t\t\t<\/div>\n\t\t\t\t<div class=\"elementor-element elementor-element-686e92f gt3-elementor-align-center gt3-elementor-align-button-center elementor-widget elementor-widget-gt3-core-videopopup\" data-id=\"686e92f\" data-element_type=\"widget\" data-widget_type=\"gt3-core-videopopup.default\">\n\t\t\t\t<div class=\"elementor-widget-container\">\n\t\t\t\t\t    <div class=\"video-popup-wrapper  video-popup-wrapper__center  video-popup-animation-type1\">\r\n\t\t        <a class=\"swipebox-video video-popup__link\" href=\"https:\/\/www.youtube.com\/watch?v=QxcqaG6QWn0\" data-settings=\"{&quot;autoplay&quot;:false}\">\r\n\t\t\t<div class=\"video-popup-animation\"><div style=\"-webkit-animation-duration: 2500ms; -moz-animation-duration: 2500ms; -o-animation-duration: 2500ms; animation-duration: 2500ms; box-shadow: 0 0 0px 3px ; -webkit-animation-delay: 0ms; -moz-animation-delay: 0ms; -o-animation-delay: 0ms; animation-delay: 0ms;\"><\/div><\/div>            <svg width=\"13\" height=\"18\">\r\n                <polygon points=\"1,1 1,16 11,9\" stroke-width=\"2\" \/>\r\n            <\/svg>\r\n        <\/a>\r\n\t\t    <\/div>\r\n\t\t\t\t<\/div>\n\t\t\t\t<\/div>\n\t\t\t\t\t<\/div>\n\t\t<\/div>\n\t\t\t\t<div class=\"elementor-column elementor-col-33 elementor-inner-column elementor-element elementor-element-d26c2ec\" data-id=\"d26c2ec\" data-element_type=\"column\">\n\t\t\t<div class=\"elementor-widget-wrap elementor-element-populated\">\n\t\t\t\t\t\t<div class=\"elementor-element elementor-element-469e3ea elementor-widget elementor-widget-heading\" data-id=\"469e3ea\" data-element_type=\"widget\" data-widget_type=\"heading.default\">\n\t\t\t\t<div class=\"elementor-widget-container\">\n\t\t\t\t\t<h3 class=\"elementor-heading-title elementor-size-default\">Boteiros<\/h3>\t\t\t\t<\/div>\n\t\t\t\t<\/div>\n\t\t\t\t<div class=\"elementor-element elementor-element-cef9937 gt3-elementor-align-center gt3-elementor-align-button-center elementor-widget elementor-widget-gt3-core-videopopup\" data-id=\"cef9937\" data-element_type=\"widget\" data-widget_type=\"gt3-core-videopopup.default\">\n\t\t\t\t<div class=\"elementor-widget-container\">\n\t\t\t\t\t    <div class=\"video-popup-wrapper  video-popup-wrapper__center  video-popup-animation-type1\">\r\n\t\t        <a class=\"swipebox-video video-popup__link\" href=\"https:\/\/www.youtube.com\/watch?v=5Bz9zvZn7Zc\" data-settings=\"{&quot;autoplay&quot;:false}\">\r\n\t\t\t<div class=\"video-popup-animation\"><div style=\"-webkit-animation-duration: 2500ms; -moz-animation-duration: 2500ms; -o-animation-duration: 2500ms; animation-duration: 2500ms; box-shadow: 0 0 0px 3px ; -webkit-animation-delay: 0ms; -moz-animation-delay: 0ms; -o-animation-delay: 0ms; animation-delay: 0ms;\"><\/div><\/div>            <svg width=\"13\" height=\"18\">\r\n                <polygon points=\"1,1 1,16 11,9\" stroke-width=\"2\" \/>\r\n            <\/svg>\r\n        <\/a>\r\n\t\t    <\/div>\r\n\t\t\t\t<\/div>\n\t\t\t\t<\/div>\n\t\t\t\t\t<\/div>\n\t\t<\/div>\n\t\t\t\t<div class=\"elementor-column elementor-col-33 elementor-inner-column elementor-element elementor-element-b8180df\" data-id=\"b8180df\" data-element_type=\"column\">\n\t\t\t<div class=\"elementor-widget-wrap elementor-element-populated\">\n\t\t\t\t\t\t<div class=\"elementor-element elementor-element-38177e5 elementor-widget elementor-widget-heading\" data-id=\"38177e5\" data-element_type=\"widget\" data-widget_type=\"heading.default\">\n\t\t\t\t<div class=\"elementor-widget-container\">\n\t\t\t\t\t<h3 class=\"elementor-heading-title elementor-size-default\">Parade of Foli\u00f3ns<\/h3>\t\t\t\t<\/div>\n\t\t\t\t<\/div>\n\t\t\t\t<div class=\"elementor-element elementor-element-f6ef9c6 gt3-elementor-align-center gt3-elementor-align-button-center elementor-widget elementor-widget-gt3-core-videopopup\" data-id=\"f6ef9c6\" data-element_type=\"widget\" data-widget_type=\"gt3-core-videopopup.default\">\n\t\t\t\t<div class=\"elementor-widget-container\">\n\t\t\t\t\t    <div class=\"video-popup-wrapper  video-popup-wrapper__center  video-popup-animation-type1\">\r\n\t\t        <a class=\"swipebox-video video-popup__link\" href=\"https:\/\/www.youtube.com\/watch?v=s902eyAMtSU\" data-settings=\"{&quot;autoplay&quot;:false}\">\r\n\t\t\t<div class=\"video-popup-animation\"><div style=\"-webkit-animation-duration: 2500ms; -moz-animation-duration: 2500ms; -o-animation-duration: 2500ms; animation-duration: 2500ms; box-shadow: 0 0 0px 3px ; -webkit-animation-delay: 0ms; -moz-animation-delay: 0ms; -o-animation-delay: 0ms; animation-delay: 0ms;\"><\/div><\/div>            <svg width=\"13\" height=\"18\">\r\n                <polygon points=\"1,1 1,16 11,9\" stroke-width=\"2\" \/>\r\n            <\/svg>\r\n        <\/a>\r\n\t\t    <\/div>\r\n\t\t\t\t<\/div>\n\t\t\t\t<\/div>\n\t\t\t\t\t<\/div>\n\t\t<\/div>\n\t\t\t\t\t<\/div>\n\t\t<\/section>\n\t\t\t\t<div class=\"elementor-element elementor-element-4d47184a elementor-widget__width-auto elementor-absolute elementor-hidden-phone elementor-widget elementor-widget-image\" data-id=\"4d47184a\" data-element_type=\"widget\" data-settings=\"{&quot;_position&quot;:&quot;absolute&quot;}\" data-widget_type=\"image.default\">\n\t\t\t\t<div class=\"elementor-widget-container\">\n\t\t\t\t\t\t\t\t\t\t\t\t\t\t\t<img loading=\"lazy\" decoding=\"async\" width=\"175\" height=\"175\" src=\"https:\/\/xn--entroidodevilariodeconso-glc.gal\/wp-content\/uploads\/2020\/03\/round-points.png\" class=\"attachment-full size-full wp-image-3808\" alt=\"\" srcset=\"https:\/\/xn--entroidodevilariodeconso-glc.gal\/wp-content\/uploads\/2020\/03\/round-points.png 175w, https:\/\/xn--entroidodevilariodeconso-glc.gal\/wp-content\/uploads\/2020\/03\/round-points-150x150.png 150w\" sizes=\"auto, (max-width: 175px) 100vw, 175px\" title=\"Vilari\u00f1o de Conso\" \/>\t\t\t\t\t\t\t\t\t\t\t\t\t\t\t<\/div>\n\t\t\t\t<\/div>\n\t\t\t\t\t<\/div>\n\t\t<\/div>\n\t\t\t\t\t<\/div>\n\t\t<\/section>\n\t\t\t\t<section class=\"elementor-section elementor-top-section elementor-element elementor-element-2accf079 elementor-section-stretched elementor-section-height-min-height elementor-section-items-top elementor-section-boxed elementor-section-height-default elementor-invisible\" data-id=\"2accf079\" data-element_type=\"section\" data-settings=\"{&quot;background_background&quot;:&quot;classic&quot;,&quot;stretch_section&quot;:&quot;section-stretched&quot;,&quot;animation&quot;:&quot;fadeIn&quot;}\">\n\t\t\t\t\t\t<div class=\"elementor-container elementor-column-gap-default\">\n\t\t\t\t\t<div class=\"elementor-column elementor-col-100 elementor-top-column elementor-element elementor-element-664f9cb7\" data-id=\"664f9cb7\" data-element_type=\"column\">\n\t\t\t<div class=\"elementor-widget-wrap elementor-element-populated\">\n\t\t\t\t\t\t<div class=\"elementor-element elementor-element-659422d elementor-widget elementor-widget-heading\" data-id=\"659422d\" data-element_type=\"widget\" data-widget_type=\"heading.default\">\n\t\t\t\t<div class=\"elementor-widget-container\">\n\t\t\t\t\t<h2 class=\"elementor-heading-title elementor-size-default\">Starting the Carnival<\/h2>\t\t\t\t<\/div>\n\t\t\t\t<\/div>\n\t\t\t\t<div class=\"elementor-element elementor-element-78bab71e elementor-widget elementor-widget-spacer\" data-id=\"78bab71e\" data-element_type=\"widget\" data-widget_type=\"spacer.default\">\n\t\t\t\t<div class=\"elementor-widget-container\">\n\t\t\t\t\t\t\t<div class=\"elementor-spacer\">\n\t\t\t<div class=\"elementor-spacer-inner\"><\/div>\n\t\t<\/div>\n\t\t\t\t\t\t<\/div>\n\t\t\t\t<\/div>\n\t\t\t\t\t<\/div>\n\t\t<\/div>\n\t\t\t\t\t<\/div>\n\t\t<\/section>\n\t\t\t\t<section class=\"elementor-section elementor-top-section elementor-element elementor-element-d0d48b8 elementor-section-boxed elementor-section-height-default elementor-section-height-default\" data-id=\"d0d48b8\" data-element_type=\"section\" id=\"calendario\">\n\t\t\t\t\t\t<div class=\"elementor-container elementor-column-gap-default\">\n\t\t\t\t\t<div class=\"elementor-column elementor-col-100 elementor-top-column elementor-element elementor-element-b19f68f\" data-id=\"b19f68f\" data-element_type=\"column\">\n\t\t\t<div class=\"elementor-widget-wrap elementor-element-populated\">\n\t\t\t\t\t\t<div class=\"elementor-element elementor-element-d29ae9f elementor-widget elementor-widget-heading\" data-id=\"d29ae9f\" data-element_type=\"widget\" data-widget_type=\"heading.default\">\n\t\t\t\t<div class=\"elementor-widget-container\">\n\t\t\t\t\t<h2 class=\"elementor-heading-title elementor-size-default\">Carnival in Vilari\u00f1o De Conso 2026<\/h2>\t\t\t\t<\/div>\n\t\t\t\t<\/div>\n\t\t\t\t\t<\/div>\n\t\t<\/div>\n\t\t\t\t\t<\/div>\n\t\t<\/section>\n\t\t\t\t<section class=\"elementor-section elementor-top-section elementor-element elementor-element-14498d2 elementor-section-content-middle elementor-section-boxed elementor-section-height-default elementor-section-height-default\" data-id=\"14498d2\" data-element_type=\"section\">\n\t\t\t\t\t\t<div class=\"elementor-container elementor-column-gap-default\">\n\t\t\t\t\t<div class=\"elementor-column elementor-col-25 elementor-top-column elementor-element elementor-element-c61e09c\" data-id=\"c61e09c\" data-element_type=\"column\">\n\t\t\t<div class=\"elementor-widget-wrap elementor-element-populated\">\n\t\t\t\t\t\t<div class=\"elementor-element elementor-element-dcae811 elementor-widget elementor-widget-image\" data-id=\"dcae811\" data-element_type=\"widget\" data-widget_type=\"image.default\">\n\t\t\t\t<div class=\"elementor-widget-container\">\n\t\t\t\t\t\t\t\t\t\t\t\t\t\t\t\t<a href=\"https:\/\/xn--entroidodevilariodeconso-glc.gal\/wp-content\/uploads\/2026\/01\/Terra-de-Folion-Cartel2026.jpg\" data-elementor-open-lightbox=\"yes\" data-elementor-lightbox-title=\"Terra de Folion Cartel 2026\" data-e-action-hash=\"#elementor-action%3Aaction%3Dlightbox%26settings%3DeyJpZCI6MTQwNjIsInVybCI6Imh0dHBzOlwvXC94bi0tZW50cm9pZG9kZXZpbGFyaW9kZWNvbnNvLWdsYy5nYWxcL3dwLWNvbnRlbnRcL3VwbG9hZHNcLzIwMjZcLzAxXC9UZXJyYS1kZS1Gb2xpb24tQ2FydGVsMjAyNi5qcGcifQ%3D%3D\">\n\t\t\t\t\t\t\t<img loading=\"lazy\" decoding=\"async\" width=\"900\" height=\"1273\" src=\"https:\/\/xn--entroidodevilariodeconso-glc.gal\/wp-content\/uploads\/2026\/01\/Terra-de-Folion-Cartel2026.jpg\" class=\"attachment-full size-full wp-image-14062\" alt=\"\" srcset=\"https:\/\/xn--entroidodevilariodeconso-glc.gal\/wp-content\/uploads\/2026\/01\/Terra-de-Folion-Cartel2026.jpg 900w, https:\/\/xn--entroidodevilariodeconso-glc.gal\/wp-content\/uploads\/2026\/01\/Terra-de-Folion-Cartel2026-212x300.jpg 212w, https:\/\/xn--entroidodevilariodeconso-glc.gal\/wp-content\/uploads\/2026\/01\/Terra-de-Folion-Cartel2026-724x1024.jpg 724w, https:\/\/xn--entroidodevilariodeconso-glc.gal\/wp-content\/uploads\/2026\/01\/Terra-de-Folion-Cartel2026-768x1086.jpg 768w, https:\/\/xn--entroidodevilariodeconso-glc.gal\/wp-content\/uploads\/2026\/01\/Terra-de-Folion-Cartel2026-8x12.jpg 8w, https:\/\/xn--entroidodevilariodeconso-glc.gal\/wp-content\/uploads\/2026\/01\/Terra-de-Folion-Cartel2026-480x679.jpg 480w\" sizes=\"auto, (max-width: 900px) 100vw, 900px\" title=\"Terra de Folion Cartel 2026\" \/>\t\t\t\t\t\t\t\t<\/a>\n\t\t\t\t\t\t\t\t\t\t\t\t\t\t\t<\/div>\n\t\t\t\t<\/div>\n\t\t\t\t\t<\/div>\n\t\t<\/div>\n\t\t\t\t<div class=\"elementor-column elementor-col-25 elementor-top-column elementor-element elementor-element-29f9945\" data-id=\"29f9945\" data-element_type=\"column\">\n\t\t\t<div class=\"elementor-widget-wrap elementor-element-populated\">\n\t\t\t\t\t\t<div class=\"elementor-element elementor-element-cb6718d elementor-widget elementor-widget-image\" data-id=\"cb6718d\" data-element_type=\"widget\" data-widget_type=\"image.default\">\n\t\t\t\t<div class=\"elementor-widget-container\">\n\t\t\t\t\t\t\t\t\t\t\t\t\t\t\t\t<a href=\"https:\/\/xn--entroidodevilariodeconso-glc.gal\/wp-content\/uploads\/2026\/01\/Cartel-Oficial-Entroido-Vilarino-de-Conso.jpg\" data-elementor-open-lightbox=\"yes\" data-elementor-lightbox-title=\"Carte Oficial Entroido 2026 Vilari\u00f1o de Conso\" data-e-action-hash=\"#elementor-action%3Aaction%3Dlightbox%26settings%3DeyJpZCI6MTQwNjMsInVybCI6Imh0dHBzOlwvXC94bi0tZW50cm9pZG9kZXZpbGFyaW9kZWNvbnNvLWdsYy5nYWxcL3dwLWNvbnRlbnRcL3VwbG9hZHNcLzIwMjZcLzAxXC9DYXJ0ZWwtT2ZpY2lhbC1FbnRyb2lkby1WaWxhcmluby1kZS1Db25zby5qcGcifQ%3D%3D\">\n\t\t\t\t\t\t\t<img loading=\"lazy\" decoding=\"async\" width=\"900\" height=\"1273\" src=\"https:\/\/xn--entroidodevilariodeconso-glc.gal\/wp-content\/uploads\/2026\/01\/Cartel-Oficial-Entroido-Vilarino-de-Conso.jpg\" class=\"attachment-full size-full wp-image-14063\" alt=\"\" srcset=\"https:\/\/xn--entroidodevilariodeconso-glc.gal\/wp-content\/uploads\/2026\/01\/Cartel-Oficial-Entroido-Vilarino-de-Conso.jpg 900w, https:\/\/xn--entroidodevilariodeconso-glc.gal\/wp-content\/uploads\/2026\/01\/Cartel-Oficial-Entroido-Vilarino-de-Conso-212x300.jpg 212w, https:\/\/xn--entroidodevilariodeconso-glc.gal\/wp-content\/uploads\/2026\/01\/Cartel-Oficial-Entroido-Vilarino-de-Conso-724x1024.jpg 724w, https:\/\/xn--entroidodevilariodeconso-glc.gal\/wp-content\/uploads\/2026\/01\/Cartel-Oficial-Entroido-Vilarino-de-Conso-768x1086.jpg 768w, https:\/\/xn--entroidodevilariodeconso-glc.gal\/wp-content\/uploads\/2026\/01\/Cartel-Oficial-Entroido-Vilarino-de-Conso-8x12.jpg 8w, https:\/\/xn--entroidodevilariodeconso-glc.gal\/wp-content\/uploads\/2026\/01\/Cartel-Oficial-Entroido-Vilarino-de-Conso-480x679.jpg 480w\" sizes=\"auto, (max-width: 900px) 100vw, 900px\" title=\"Carte Oficial Entroido 2026 Vilari\u00f1o de Conso\" \/>\t\t\t\t\t\t\t\t<\/a>\n\t\t\t\t\t\t\t\t\t\t\t\t\t\t\t<\/div>\n\t\t\t\t<\/div>\n\t\t\t\t\t<\/div>\n\t\t<\/div>\n\t\t\t\t<div class=\"elementor-column elementor-col-25 elementor-top-column elementor-element elementor-element-27b7671\" data-id=\"27b7671\" data-element_type=\"column\">\n\t\t\t<div class=\"elementor-widget-wrap elementor-element-populated\">\n\t\t\t\t\t\t<div class=\"elementor-element elementor-element-ef3b1c6 elementor-widget elementor-widget-image\" data-id=\"ef3b1c6\" data-element_type=\"widget\" data-widget_type=\"image.default\">\n\t\t\t\t<div class=\"elementor-widget-container\">\n\t\t\t\t\t\t\t\t\t\t\t\t\t\t\t\t<a href=\"https:\/\/xn--entroidodevilariodeconso-glc.gal\/wp-content\/uploads\/2026\/01\/Cartel-Festa-do-Cabrito-Vilarino-de-Conso.jpg\" data-elementor-open-lightbox=\"yes\" data-elementor-lightbox-title=\"2026 Festa do Cabrito Vilari\u00f1o de Conso\" data-e-action-hash=\"#elementor-action%3Aaction%3Dlightbox%26settings%3DeyJpZCI6MTQwNjQsInVybCI6Imh0dHBzOlwvXC94bi0tZW50cm9pZG9kZXZpbGFyaW9kZWNvbnNvLWdsYy5nYWxcL3dwLWNvbnRlbnRcL3VwbG9hZHNcLzIwMjZcLzAxXC9DYXJ0ZWwtRmVzdGEtZG8tQ2Ficml0by1WaWxhcmluby1kZS1Db25zby5qcGcifQ%3D%3D\">\n\t\t\t\t\t\t\t<img loading=\"lazy\" decoding=\"async\" width=\"900\" height=\"1273\" src=\"https:\/\/xn--entroidodevilariodeconso-glc.gal\/wp-content\/uploads\/2026\/01\/Cartel-Festa-do-Cabrito-Vilarino-de-Conso.jpg\" class=\"attachment-full size-full wp-image-14064\" alt=\"\" srcset=\"https:\/\/xn--entroidodevilariodeconso-glc.gal\/wp-content\/uploads\/2026\/01\/Cartel-Festa-do-Cabrito-Vilarino-de-Conso.jpg 900w, https:\/\/xn--entroidodevilariodeconso-glc.gal\/wp-content\/uploads\/2026\/01\/elementor\/thumbs\/Cartel-Festa-do-Cabrito-Vilarino-de-Conso-rhu655jtu89vhx0kajudjotoatnug4cnlq74wmhnso.jpg 212w, https:\/\/xn--entroidodevilariodeconso-glc.gal\/wp-content\/uploads\/2026\/01\/Cartel-Festa-do-Cabrito-Vilarino-de-Conso-724x1024.jpg 724w, https:\/\/xn--entroidodevilariodeconso-glc.gal\/wp-content\/uploads\/2026\/01\/Cartel-Festa-do-Cabrito-Vilarino-de-Conso-768x1086.jpg 768w, https:\/\/xn--entroidodevilariodeconso-glc.gal\/wp-content\/uploads\/2026\/01\/Cartel-Festa-do-Cabrito-Vilarino-de-Conso-8x12.jpg 8w, https:\/\/xn--entroidodevilariodeconso-glc.gal\/wp-content\/uploads\/2026\/01\/Cartel-Festa-do-Cabrito-Vilarino-de-Conso-480x679.jpg 480w\" sizes=\"auto, (max-width: 900px) 100vw, 900px\" title=\"2026 Festa do Cabrito Vilari\u00f1o de Conso\" \/>\t\t\t\t\t\t\t\t<\/a>\n\t\t\t\t\t\t\t\t\t\t\t\t\t\t\t<\/div>\n\t\t\t\t<\/div>\n\t\t\t\t\t<\/div>\n\t\t<\/div>\n\t\t\t\t<div class=\"elementor-column elementor-col-25 elementor-top-column elementor-element elementor-element-c356e08\" data-id=\"c356e08\" data-element_type=\"column\">\n\t\t\t<div class=\"elementor-widget-wrap elementor-element-populated\">\n\t\t\t\t\t\t<div class=\"elementor-element elementor-element-aa33bea elementor-widget elementor-widget-image\" data-id=\"aa33bea\" data-element_type=\"widget\" data-widget_type=\"image.default\">\n\t\t\t\t<div class=\"elementor-widget-container\">\n\t\t\t\t\t\t\t\t\t\t\t\t\t\t\t\t<a href=\"https:\/\/xn--entroidodevilariodeconso-glc.gal\/wp-content\/uploads\/2026\/01\/Cartel-Luns-de-Entroido-Vilarino-de-Conso.jpg\" data-elementor-open-lightbox=\"yes\" data-elementor-lightbox-title=\"Luns de Entroido Vilari\u00f1o de Conso 2026\" data-e-action-hash=\"#elementor-action%3Aaction%3Dlightbox%26settings%3DeyJpZCI6MTQwNjUsInVybCI6Imh0dHBzOlwvXC94bi0tZW50cm9pZG9kZXZpbGFyaW9kZWNvbnNvLWdsYy5nYWxcL3dwLWNvbnRlbnRcL3VwbG9hZHNcLzIwMjZcLzAxXC9DYXJ0ZWwtTHVucy1kZS1FbnRyb2lkby1WaWxhcmluby1kZS1Db25zby5qcGcifQ%3D%3D\">\n\t\t\t\t\t\t\t<img loading=\"lazy\" decoding=\"async\" width=\"900\" height=\"1391\" src=\"https:\/\/xn--entroidodevilariodeconso-glc.gal\/wp-content\/uploads\/2026\/01\/Cartel-Luns-de-Entroido-Vilarino-de-Conso.jpg\" class=\"attachment-full size-full wp-image-14065\" alt=\"\" srcset=\"https:\/\/xn--entroidodevilariodeconso-glc.gal\/wp-content\/uploads\/2026\/01\/Cartel-Luns-de-Entroido-Vilarino-de-Conso.jpg 900w, https:\/\/xn--entroidodevilariodeconso-glc.gal\/wp-content\/uploads\/2026\/01\/Cartel-Luns-de-Entroido-Vilarino-de-Conso-194x300.jpg 194w, https:\/\/xn--entroidodevilariodeconso-glc.gal\/wp-content\/uploads\/2026\/01\/Cartel-Luns-de-Entroido-Vilarino-de-Conso-663x1024.jpg 663w, https:\/\/xn--entroidodevilariodeconso-glc.gal\/wp-content\/uploads\/2026\/01\/Cartel-Luns-de-Entroido-Vilarino-de-Conso-768x1187.jpg 768w, https:\/\/xn--entroidodevilariodeconso-glc.gal\/wp-content\/uploads\/2026\/01\/Cartel-Luns-de-Entroido-Vilarino-de-Conso-8x12.jpg 8w, https:\/\/xn--entroidodevilariodeconso-glc.gal\/wp-content\/uploads\/2026\/01\/Cartel-Luns-de-Entroido-Vilarino-de-Conso-480x742.jpg 480w\" sizes=\"auto, (max-width: 900px) 100vw, 900px\" title=\"Luns de Entroido Vilari\u00f1o de Conso 2026\" \/>\t\t\t\t\t\t\t\t<\/a>\n\t\t\t\t\t\t\t\t\t\t\t\t\t\t\t<\/div>\n\t\t\t\t<\/div>\n\t\t\t\t\t<\/div>\n\t\t<\/div>\n\t\t\t\t\t<\/div>\n\t\t<\/section>\n\t\t\t\t<section class=\"elementor-section elementor-top-section elementor-element elementor-element-b3d4139 elementor-section-content-middle elementor-section-boxed elementor-section-height-default elementor-section-height-default\" data-id=\"b3d4139\" data-element_type=\"section\">\n\t\t\t\t\t\t<div class=\"elementor-container elementor-column-gap-default\">\n\t\t\t\t\t<div class=\"elementor-column elementor-col-33 elementor-top-column elementor-element elementor-element-04d6b94\" data-id=\"04d6b94\" data-element_type=\"column\">\n\t\t\t<div class=\"elementor-widget-wrap elementor-element-populated\">\n\t\t\t\t\t\t<div class=\"elementor-element elementor-element-a3082c2 elementor-widget elementor-widget-image\" data-id=\"a3082c2\" data-element_type=\"widget\" data-widget_type=\"image.default\">\n\t\t\t\t<div class=\"elementor-widget-container\">\n\t\t\t\t\t\t\t\t\t\t\t\t\t\t\t\t<a href=\"https:\/\/xn--entroidodevilariodeconso-glc.gal\/wp-content\/uploads\/2026\/01\/Cartel-concurso-fotografia.jpeg\" data-elementor-open-lightbox=\"yes\" data-elementor-lightbox-title=\"Cartel concurso fotograf\u00eda\" data-e-action-hash=\"#elementor-action%3Aaction%3Dlightbox%26settings%3DeyJpZCI6MTQwNzksInVybCI6Imh0dHBzOlwvXC94bi0tZW50cm9pZG9kZXZpbGFyaW9kZWNvbnNvLWdsYy5nYWxcL3dwLWNvbnRlbnRcL3VwbG9hZHNcLzIwMjZcLzAxXC9DYXJ0ZWwtY29uY3Vyc28tZm90b2dyYWZpYS5qcGVnIn0%3D\">\n\t\t\t\t\t\t\t<img loading=\"lazy\" decoding=\"async\" width=\"1600\" height=\"1200\" src=\"https:\/\/xn--entroidodevilariodeconso-glc.gal\/wp-content\/uploads\/2026\/01\/Cartel-concurso-fotografia.jpeg\" class=\"attachment-full size-full wp-image-14079\" alt=\"\" srcset=\"https:\/\/xn--entroidodevilariodeconso-glc.gal\/wp-content\/uploads\/2026\/01\/Cartel-concurso-fotografia.jpeg 1600w, https:\/\/xn--entroidodevilariodeconso-glc.gal\/wp-content\/uploads\/2026\/01\/Cartel-concurso-fotografia-300x225.jpeg 300w, https:\/\/xn--entroidodevilariodeconso-glc.gal\/wp-content\/uploads\/2026\/01\/Cartel-concurso-fotografia-1024x768.jpeg 1024w, https:\/\/xn--entroidodevilariodeconso-glc.gal\/wp-content\/uploads\/2026\/01\/Cartel-concurso-fotografia-768x576.jpeg 768w, https:\/\/xn--entroidodevilariodeconso-glc.gal\/wp-content\/uploads\/2026\/01\/Cartel-concurso-fotografia-1536x1152.jpeg 1536w, https:\/\/xn--entroidodevilariodeconso-glc.gal\/wp-content\/uploads\/2026\/01\/Cartel-concurso-fotografia-16x12.jpeg 16w, https:\/\/xn--entroidodevilariodeconso-glc.gal\/wp-content\/uploads\/2026\/01\/Cartel-concurso-fotografia-480x360.jpeg 480w\" sizes=\"auto, (max-width: 1600px) 100vw, 1600px\" title=\"Cartel concurso fotograf\u00eda\" \/>\t\t\t\t\t\t\t\t<\/a>\n\t\t\t\t\t\t\t\t\t\t\t\t\t\t\t<\/div>\n\t\t\t\t<\/div>\n\t\t\t\t\t<\/div>\n\t\t<\/div>\n\t\t\t\t<div class=\"elementor-column elementor-col-33 elementor-top-column elementor-element elementor-element-59d66fb\" data-id=\"59d66fb\" data-element_type=\"column\">\n\t\t\t<div class=\"elementor-widget-wrap elementor-element-populated\">\n\t\t\t\t\t\t<div class=\"elementor-element elementor-element-0155605 elementor-widget elementor-widget-image\" data-id=\"0155605\" data-element_type=\"widget\" data-widget_type=\"image.default\">\n\t\t\t\t<div class=\"elementor-widget-container\">\n\t\t\t\t\t\t\t\t\t\t\t\t\t\t\t\t<a href=\"https:\/\/xn--entroidodevilariodeconso-glc.gal\/wp-content\/uploads\/2026\/01\/Cartel-concurso-carrozas.jpeg\" data-elementor-open-lightbox=\"yes\" data-elementor-lightbox-title=\"Cartel concurso carrozas\" data-e-action-hash=\"#elementor-action%3Aaction%3Dlightbox%26settings%3DeyJpZCI6MTQwODEsInVybCI6Imh0dHBzOlwvXC94bi0tZW50cm9pZG9kZXZpbGFyaW9kZWNvbnNvLWdsYy5nYWxcL3dwLWNvbnRlbnRcL3VwbG9hZHNcLzIwMjZcLzAxXC9DYXJ0ZWwtY29uY3Vyc28tY2Fycm96YXMuanBlZyJ9\">\n\t\t\t\t\t\t\t<img loading=\"lazy\" decoding=\"async\" width=\"1600\" height=\"1200\" src=\"https:\/\/xn--entroidodevilariodeconso-glc.gal\/wp-content\/uploads\/2026\/01\/Cartel-concurso-carrozas.jpeg\" class=\"attachment-full size-full wp-image-14081\" alt=\"\" srcset=\"https:\/\/xn--entroidodevilariodeconso-glc.gal\/wp-content\/uploads\/2026\/01\/Cartel-concurso-carrozas.jpeg 1600w, https:\/\/xn--entroidodevilariodeconso-glc.gal\/wp-content\/uploads\/2026\/01\/Cartel-concurso-carrozas-300x225.jpeg 300w, https:\/\/xn--entroidodevilariodeconso-glc.gal\/wp-content\/uploads\/2026\/01\/Cartel-concurso-carrozas-1024x768.jpeg 1024w, https:\/\/xn--entroidodevilariodeconso-glc.gal\/wp-content\/uploads\/2026\/01\/Cartel-concurso-carrozas-768x576.jpeg 768w, https:\/\/xn--entroidodevilariodeconso-glc.gal\/wp-content\/uploads\/2026\/01\/Cartel-concurso-carrozas-1536x1152.jpeg 1536w, https:\/\/xn--entroidodevilariodeconso-glc.gal\/wp-content\/uploads\/2026\/01\/Cartel-concurso-carrozas-16x12.jpeg 16w, https:\/\/xn--entroidodevilariodeconso-glc.gal\/wp-content\/uploads\/2026\/01\/Cartel-concurso-carrozas-480x360.jpeg 480w\" sizes=\"auto, (max-width: 1600px) 100vw, 1600px\" title=\"Cartel concurso carrozas\" \/>\t\t\t\t\t\t\t\t<\/a>\n\t\t\t\t\t\t\t\t\t\t\t\t\t\t\t<\/div>\n\t\t\t\t<\/div>\n\t\t\t\t\t<\/div>\n\t\t<\/div>\n\t\t\t\t<div class=\"elementor-column elementor-col-33 elementor-top-column elementor-element elementor-element-ee847d6\" data-id=\"ee847d6\" data-element_type=\"column\">\n\t\t\t<div class=\"elementor-widget-wrap elementor-element-populated\">\n\t\t\t\t\t\t<div class=\"elementor-element elementor-element-4289375 elementor-widget elementor-widget-image\" data-id=\"4289375\" data-element_type=\"widget\" data-widget_type=\"image.default\">\n\t\t\t\t<div class=\"elementor-widget-container\">\n\t\t\t\t\t\t\t\t\t\t\t\t\t\t\t\t<a href=\"https:\/\/xn--entroidodevilariodeconso-glc.gal\/wp-content\/uploads\/2026\/01\/Cartel-concurso-disfraces.jpeg\" data-elementor-open-lightbox=\"yes\" data-elementor-lightbox-title=\"Cartel concurso disfraces\" data-e-action-hash=\"#elementor-action%3Aaction%3Dlightbox%26settings%3DeyJpZCI6MTQwODIsInVybCI6Imh0dHBzOlwvXC94bi0tZW50cm9pZG9kZXZpbGFyaW9kZWNvbnNvLWdsYy5nYWxcL3dwLWNvbnRlbnRcL3VwbG9hZHNcLzIwMjZcLzAxXC9DYXJ0ZWwtY29uY3Vyc28tZGlzZnJhY2VzLmpwZWcifQ%3D%3D\">\n\t\t\t\t\t\t\t<img loading=\"lazy\" decoding=\"async\" width=\"1600\" height=\"1200\" src=\"https:\/\/xn--entroidodevilariodeconso-glc.gal\/wp-content\/uploads\/2026\/01\/Cartel-concurso-disfraces.jpeg\" class=\"attachment-full size-full wp-image-14082\" alt=\"\" srcset=\"https:\/\/xn--entroidodevilariodeconso-glc.gal\/wp-content\/uploads\/2026\/01\/Cartel-concurso-disfraces.jpeg 1600w, https:\/\/xn--entroidodevilariodeconso-glc.gal\/wp-content\/uploads\/2026\/01\/Cartel-concurso-disfraces-300x225.jpeg 300w, https:\/\/xn--entroidodevilariodeconso-glc.gal\/wp-content\/uploads\/2026\/01\/Cartel-concurso-disfraces-1024x768.jpeg 1024w, https:\/\/xn--entroidodevilariodeconso-glc.gal\/wp-content\/uploads\/2026\/01\/Cartel-concurso-disfraces-768x576.jpeg 768w, https:\/\/xn--entroidodevilariodeconso-glc.gal\/wp-content\/uploads\/2026\/01\/Cartel-concurso-disfraces-1536x1152.jpeg 1536w, https:\/\/xn--entroidodevilariodeconso-glc.gal\/wp-content\/uploads\/2026\/01\/Cartel-concurso-disfraces-16x12.jpeg 16w, https:\/\/xn--entroidodevilariodeconso-glc.gal\/wp-content\/uploads\/2026\/01\/Cartel-concurso-disfraces-480x360.jpeg 480w\" sizes=\"auto, (max-width: 1600px) 100vw, 1600px\" title=\"Cartel concurso disfraces\" \/>\t\t\t\t\t\t\t\t<\/a>\n\t\t\t\t\t\t\t\t\t\t\t\t\t\t\t<\/div>\n\t\t\t\t<\/div>\n\t\t\t\t\t<\/div>\n\t\t<\/div>\n\t\t\t\t\t<\/div>\n\t\t<\/section>\n\t\t\t\t<section class=\"elementor-section elementor-top-section elementor-element elementor-element-b080f3e cloud_animated_bottom elementor-section-boxed elementor-section-height-default elementor-section-height-default\" data-id=\"b080f3e\" data-element_type=\"section\" data-settings=\"{&quot;background_background&quot;:&quot;classic&quot;}\">\n\t\t\t\t\t\t\t<div class=\"elementor-background-overlay\"><\/div>\n\t\t\t\t\t\t\t<div class=\"elementor-container elementor-column-gap-default\">\n\t\t\t\t\t<div class=\"elementor-column elementor-col-100 elementor-top-column elementor-element elementor-element-21bbeae\" data-id=\"21bbeae\" data-element_type=\"column\">\n\t\t\t<div class=\"elementor-widget-wrap elementor-element-populated\">\n\t\t\t\t\t\t<div class=\"elementor-element elementor-element-bc6b465 elementor-widget elementor-widget-spacer\" data-id=\"bc6b465\" data-element_type=\"widget\" data-widget_type=\"spacer.default\">\n\t\t\t\t<div class=\"elementor-widget-container\">\n\t\t\t\t\t\t\t<div class=\"elementor-spacer\">\n\t\t\t<div class=\"elementor-spacer-inner\"><\/div>\n\t\t<\/div>\n\t\t\t\t\t\t<\/div>\n\t\t\t\t<\/div>\n\t\t\t\t<div class=\"elementor-element-custom_font_size elementor-element-custom_font_weight elementor-element elementor-element-ee7396e elementor-widget elementor-widget-text-editor\" data-id=\"ee7396e\" data-element_type=\"widget\" data-widget_type=\"text-editor.default\">\n\t\t\t\t<div class=\"elementor-widget-container\">\n\t\t\t\t\t\t\t\t\t<h5>Carnival in Vilari\u00f1o De Conso<\/h5>\t\t\t\t\t\t\t\t<\/div>\n\t\t\t\t<\/div>\n\t\t\t\t<div class=\"elementor-element elementor-element-16968a8 elementor-widget elementor-widget-heading\" data-id=\"16968a8\" data-element_type=\"widget\" data-widget_type=\"heading.default\">\n\t\t\t\t<div class=\"elementor-widget-container\">\n\t\t\t\t\t<h2 class=\"elementor-heading-title elementor-size-default\">2026 Activities Calendar<\/h2>\t\t\t\t<\/div>\n\t\t\t\t<\/div>\n\t\t\t\t<div class=\"elementor-element elementor-element-bbfdf08 elementor-widget elementor-widget-spacer\" data-id=\"bbfdf08\" data-element_type=\"widget\" data-widget_type=\"spacer.default\">\n\t\t\t\t<div class=\"elementor-widget-container\">\n\t\t\t\t\t\t\t<div class=\"elementor-spacer\">\n\t\t\t<div class=\"elementor-spacer-inner\"><\/div>\n\t\t<\/div>\n\t\t\t\t\t\t<\/div>\n\t\t\t\t<\/div>\n\t\t\t\t<div class=\"elementor-element elementor-element-902b610 elementor-widget elementor-widget-spacer\" data-id=\"902b610\" data-element_type=\"widget\" data-widget_type=\"spacer.default\">\n\t\t\t\t<div class=\"elementor-widget-container\">\n\t\t\t\t\t\t\t<div class=\"elementor-spacer\">\n\t\t\t<div class=\"elementor-spacer-inner\"><\/div>\n\t\t<\/div>\n\t\t\t\t\t\t<\/div>\n\t\t\t\t<\/div>\n\t\t\t\t<div class=\"elementor-element elementor-element-5e8ada9 elementor-hidden-desktop elementor-hidden-tablet elementor-widget elementor-widget-gt3-core-processbar\" data-id=\"5e8ada9\" data-element_type=\"widget\" data-widget_type=\"gt3-core-processbar.default\">\n\t\t\t\t<div class=\"elementor-widget-container\">\n\t\t\t\t\t<div class=\"gt3_process_bar_container row gt3_process_bar_container--type-horizontal\"><div class=\"gt3_process_item span6 elementor-repeater-item-611f891\"><div class=\"gt3_process_item__number\">February 6<sup>th<\/sup><\/div><div class=\"gt3_process_item__circle_wrapp\">\r\n\t\t\t<div class=\"gt3_process_item__circle_line_before\"><\/div>\r\n\t\t\t<div class=\"gt3_process_item__circle gt3_process_item__circle--size_e_large\"><\/div>\r\n\t\t\t<div class=\"gt3_process_item__circle_line_after\"><\/div>\r\n\t\t\t<\/div><div class=\"gt3_process_item__content_wrapper\"><div class=\"gt3_process_item__heading\"><h3>Compadres Dinner<\/h3><\/div><div class=\"gt3_process_item__description\">The festivities traditionally corresponding to Compadres Thursday, where the \u201clardeiro\u201d is hung in the village, are held in Vilari\u00f1o de Conso on the Friday of the week before the start of Carnival.<br><br>\nOn this day, a dinner is held at the Vilari\u00f1o de Conso hostel among the \"compadres\" or men of the village. Subsequently, a fuli\u00f3n parade will traverse the locality, with the boteiro leading the procession of drums, bass drums, and sickles to enthrone the carnival.<\/div><\/div><\/div><div class=\"gt3_process_item span6 elementor-repeater-item-707af50\"><div class=\"gt3_process_item__number\">February 13<sup>th<\/sup><\/div><div class=\"gt3_process_item__circle_wrapp\">\r\n\t\t\t<div class=\"gt3_process_item__circle_line_before\"><\/div>\r\n\t\t\t<div class=\"gt3_process_item__circle gt3_process_item__circle--size_e_large\"><\/div>\r\n\t\t\t<div class=\"gt3_process_item__circle_line_after\"><\/div>\r\n\t\t\t<\/div><div class=\"gt3_process_item__content_wrapper\"><div class=\"gt3_process_item__heading\"><h3>Comadres Dinner<\/h3><\/div><div class=\"gt3_process_item__description\">The Friday after Comadres Thursday, where the lardeira is hung and women are the protagonists, Vilari\u00f1o de Conso gathers the \"comadres\" of the village for a dinner at the local hostel.<br><br>\nThis celebration is accompanied by a parade of fuli\u00f3ns from different parishes, each led by its \u201cboteiro\u201d and with its unique rhythm, composed of the percussion of bass drums and drums along with the sound of sickles and other farming tools.<\/div><\/div><\/div><div class=\"gt3_process_item span6 elementor-repeater-item-2127e59\"><div class=\"gt3_process_item__number\">February 14<sup>th<\/sup><\/div><div class=\"gt3_process_item__circle_wrapp\">\r\n\t\t\t<div class=\"gt3_process_item__circle_line_before\"><\/div>\r\n\t\t\t<div class=\"gt3_process_item__circle gt3_process_item__circle--size_mini\"><\/div>\r\n\t\t\t<div class=\"gt3_process_item__circle_line_after\"><\/div>\r\n\t\t\t<\/div><div class=\"gt3_process_item__content_wrapper\"><div class=\"gt3_process_item__heading\"><h3>Festa do Cabrito.<\/h3><\/div><div class=\"gt3_process_item__description\">Carnival Saturday is one of the main days of Carnival celebrations in Vilari\u00f1o de Conso with the 37th edition of its \u201cFesta do Cabrito\u201d.<br><br>\nAttendees will have the opportunity to enjoy a tasting menu, with this traditional dish as the centerpiece, prepared in a wood-fired oven.<br><br>\nIn the morning, there will be a fuli\u00f3n parade, as well as float contests. After the meal, there will be a disco until the end of the day.<\/div><\/div><\/div><div class=\"gt3_process_item span6 elementor-repeater-item-7680693\"><div class=\"gt3_process_item__number\">February 15<sup>th<\/sup><\/div><div class=\"gt3_process_item__circle_wrapp\">\r\n\t\t\t<div class=\"gt3_process_item__circle_line_before\"><\/div>\r\n\t\t\t<div class=\"gt3_process_item__circle gt3_process_item__circle--size_mini\"><\/div>\r\n\t\t\t<div class=\"gt3_process_item__circle_line_after\"><\/div>\r\n\t\t\t<\/div><div class=\"gt3_process_item__content_wrapper\"><div class=\"gt3_process_item__heading\"><h3>Carnival Sunday <\/h3><\/div><div class=\"gt3_process_item__description\">The fuli\u00f3ns of Vilari\u00f1o de Conso traverse the villages of the area on Sunday evening, bringing their unique rhythms led by the\u201d boteiros\u201d who, as ambassadors, request access to each locality.<\/div><\/div><\/div><div class=\"gt3_process_item span6 elementor-repeater-item-29e0a99\"><div class=\"gt3_process_item__number\">February 16<sup>th<\/sup><\/div><div class=\"gt3_process_item__circle_wrapp\">\r\n\t\t\t<div class=\"gt3_process_item__circle_line_before\"><\/div>\r\n\t\t\t<div class=\"gt3_process_item__circle gt3_process_item__circle--size_mini\"><\/div>\r\n\t\t\t<div class=\"gt3_process_item__circle_line_after\"><\/div>\r\n\t\t\t<\/div><div class=\"gt3_process_item__content_wrapper\"><div class=\"gt3_process_item__heading\"><h3>Carnival Monday<\/h3><\/div><div class=\"gt3_process_item__description\">The Carnival festivities of Vilari\u00f1o de Conso have another of their great days on Carnival Monday.<br><br>\nA partir de las 19 horas se celebra una nueva ronda de fuli\u00f3n en el pueblo..<br><br>\nSubsequently, there will be a tasting of \"porco ao espeto,\" where attendees can taste this other delicacy, which gastronomically complements the goat in the village's Carnival celebration.<br><br>\nIn the evening, there will be a costume contest and party, with music by DJ Tariro.<\/div><\/div><\/div><div class=\"gt3_process_item span6 elementor-repeater-item-50cdc47\"><div class=\"gt3_process_item__number\">February 17<sup>th<\/sup><\/div><div class=\"gt3_process_item__circle_wrapp\">\r\n\t\t\t<div class=\"gt3_process_item__circle_line_before\"><\/div>\r\n\t\t\t<div class=\"gt3_process_item__circle gt3_process_item__circle--size_mini\"><\/div>\r\n\t\t\t<div class=\"gt3_process_item__circle_line_after\"><\/div>\r\n\t\t\t<\/div><div class=\"gt3_process_item__content_wrapper\"><div class=\"gt3_process_item__heading\"><h3>Carnival Tuesday<\/h3><\/div><div class=\"gt3_process_item__description\">To finish the Carnival in Vilari\u00f1o de Conso occurs on Tuesday evening.<br><br>\nThe final visits between fuli\u00f3ns are followed by the burning of lardeiro and lardeira in the town square, marking the end of the Carnival dates for this year.<\/div><\/div><\/div><\/div>\t\t\t\t<\/div>\n\t\t\t\t<\/div>\n\t\t\t\t<div class=\"elementor-element elementor-element-0b1bdae vertical_style-2 chess_board-yes elementor-hidden-mobile elementor-widget elementor-widget-gt3-core-processbar\" data-id=\"0b1bdae\" data-element_type=\"widget\" data-widget_type=\"gt3-core-processbar.default\">\n\t\t\t\t<div class=\"elementor-widget-container\">\n\t\t\t\t\t<div class=\"gt3_process_bar_container row gt3_process_bar_container--type-vertical\"><div class=\"gt3_process_item span12 elementor-repeater-item-611f891\"><div class=\"gt3_process_item__number\">February 6<sup>th<\/sup><\/div><div class=\"gt3_process_item__circle_wrapp\">\r\n\t\t\t<div class=\"gt3_process_item__circle_line_before\"><\/div>\r\n\t\t\t<div class=\"gt3_process_item__circle gt3_process_item__circle--size_e_large\"><\/div>\r\n\t\t\t<div class=\"gt3_process_item__circle_line_after\"><\/div>\r\n\t\t\t<\/div><div class=\"gt3_process_item__content\"><div class=\"gt3_process_item__content_wrapper\"><div class=\"gt3_process_item__heading\"><h3>Compadres Dinner<\/h3><\/div><div class=\"gt3_process_item__description\">The festivities traditionally corresponding to Compadres Thursday, where the \u201clardeiro\u201d is hung in the village, are held in Vilari\u00f1o de Conso on the Friday of the week before the start of Carnival.<br><br>\nOn this day, a dinner is held at the Vilari\u00f1o de Conso hostel among the \"compadres\" or men of the village. Subsequently, a fuli\u00f3n parade will traverse the locality, with the boteiro leading the procession of drums, bass drums, and sickles to enthrone the carnival.<\/div><\/div><\/div><\/div><div class=\"gt3_process_item span12 elementor-repeater-item-707af50\"><div class=\"gt3_process_item__number\">February 13<sup>th<\/sup><\/div><div class=\"gt3_process_item__circle_wrapp\">\r\n\t\t\t<div class=\"gt3_process_item__circle_line_before\"><\/div>\r\n\t\t\t<div class=\"gt3_process_item__circle gt3_process_item__circle--size_e_large\"><\/div>\r\n\t\t\t<div class=\"gt3_process_item__circle_line_after\"><\/div>\r\n\t\t\t<\/div><div class=\"gt3_process_item__content\"><div class=\"gt3_process_item__content_wrapper\"><div class=\"gt3_process_item__heading\"><h3>Comadres Dinner<\/h3><\/div><div class=\"gt3_process_item__description\">The Friday after Comadres Thursday, where the lardeira is hung and women are the protagonists, Vilari\u00f1o de Conso gathers the \"comadres\" of the village for a dinner at the local hostel.<br><br>\nThis celebration is accompanied by a parade of fuli\u00f3ns from different parishes, each led by its \u201cboteiro\u201d and with its unique rhythm, composed of the percussion of bass drums and drums along with the sound of sickles and other farming tools.<\/div><\/div><\/div><\/div><div class=\"gt3_process_item span12 elementor-repeater-item-2127e59\"><div class=\"gt3_process_item__number\">February 14<sup>th<\/sup><\/div><div class=\"gt3_process_item__circle_wrapp\">\r\n\t\t\t<div class=\"gt3_process_item__circle_line_before\"><\/div>\r\n\t\t\t<div class=\"gt3_process_item__circle gt3_process_item__circle--size_mini\"><\/div>\r\n\t\t\t<div class=\"gt3_process_item__circle_line_after\"><\/div>\r\n\t\t\t<\/div><div class=\"gt3_process_item__content\"><div class=\"gt3_process_item__content_wrapper\"><div class=\"gt3_process_item__heading\"><h3>Festa do Cabrito.<\/h3><\/div><div class=\"gt3_process_item__description\">Carnival Saturday is one of the main days of Carnival celebrations in Vilari\u00f1o de Conso with the 37th edition of its \u201cFesta do Cabrito\u201d.<br><br>\nAttendees will have the opportunity to enjoy a tasting menu, with this traditional dish as the centerpiece, prepared in a wood-fired oven.<br><br>\nIn the morning, there will be a fuli\u00f3n parade, as well as float contests. After the meal, there will be a disco until the end of the day.<\/div><\/div><\/div><\/div><div class=\"gt3_process_item span12 elementor-repeater-item-7680693\"><div class=\"gt3_process_item__number\">February 15<sup>th<\/sup><\/div><div class=\"gt3_process_item__circle_wrapp\">\r\n\t\t\t<div class=\"gt3_process_item__circle_line_before\"><\/div>\r\n\t\t\t<div class=\"gt3_process_item__circle gt3_process_item__circle--size_mini\"><\/div>\r\n\t\t\t<div class=\"gt3_process_item__circle_line_after\"><\/div>\r\n\t\t\t<\/div><div class=\"gt3_process_item__content\"><div class=\"gt3_process_item__content_wrapper\"><div class=\"gt3_process_item__heading\"><h3>Carnival Sunday <\/h3><\/div><div class=\"gt3_process_item__description\">The fuli\u00f3ns of Vilari\u00f1o de Conso traverse the villages of the area on Sunday evening, bringing their unique rhythms led by the\u201d boteiros\u201d who, as ambassadors, request access to each locality.<\/div><\/div><\/div><\/div><div class=\"gt3_process_item span12 elementor-repeater-item-29e0a99\"><div class=\"gt3_process_item__number\">February 16<sup>th<\/sup><\/div><div class=\"gt3_process_item__circle_wrapp\">\r\n\t\t\t<div class=\"gt3_process_item__circle_line_before\"><\/div>\r\n\t\t\t<div class=\"gt3_process_item__circle gt3_process_item__circle--size_mini\"><\/div>\r\n\t\t\t<div class=\"gt3_process_item__circle_line_after\"><\/div>\r\n\t\t\t<\/div><div class=\"gt3_process_item__content\"><div class=\"gt3_process_item__content_wrapper\"><div class=\"gt3_process_item__heading\"><h3>Carnival Monday<\/h3><\/div><div class=\"gt3_process_item__description\">The Carnival festivities of Vilari\u00f1o de Conso have another of their great days on Carnival Monday.<br><br>\nStarting at 7 p.m., there will be another round of fuli\u00f3n in the village.<br><br>\nSubsequently, there will be a tasting of \"porco ao espeto,\" where attendees can taste this other delicacy, which gastronomically complements the goat in the village's Carnival celebration.<br><br>\nIn the evening, there will be a costume contest and party, with music by DJ Tariro.<\/div><\/div><\/div><\/div><div class=\"gt3_process_item span12 elementor-repeater-item-50cdc47\"><div class=\"gt3_process_item__number\">February 17<sup>th<\/sup><\/div><div class=\"gt3_process_item__circle_wrapp\">\r\n\t\t\t<div class=\"gt3_process_item__circle_line_before\"><\/div>\r\n\t\t\t<div class=\"gt3_process_item__circle gt3_process_item__circle--size_mini\"><\/div>\r\n\t\t\t<div class=\"gt3_process_item__circle_line_after\"><\/div>\r\n\t\t\t<\/div><div class=\"gt3_process_item__content\"><div class=\"gt3_process_item__content_wrapper\"><div class=\"gt3_process_item__heading\"><h3>Carnival Tuesday<\/h3><\/div><div class=\"gt3_process_item__description\">To finish the Carnival in Vilari\u00f1o de Conso occurs on Tuesday evening.<br><br>\nThe final visits between fuli\u00f3ns are followed by the burning of lardeiro and lardeira in the town square, marking the end of the Carnival dates for this year.<\/div><\/div><\/div><\/div><\/div>\t\t\t\t<\/div>\n\t\t\t\t<\/div>\n\t\t\t\t<div class=\"elementor-element elementor-element-80146e7 elementor-widget elementor-widget-spacer\" data-id=\"80146e7\" data-element_type=\"widget\" data-widget_type=\"spacer.default\">\n\t\t\t\t<div class=\"elementor-widget-container\">\n\t\t\t\t\t\t\t<div class=\"elementor-spacer\">\n\t\t\t<div class=\"elementor-spacer-inner\"><\/div>\n\t\t<\/div>\n\t\t\t\t\t\t<\/div>\n\t\t\t\t<\/div>\n\t\t\t\t\t<\/div>\n\t\t<\/div>\n\t\t\t\t\t<\/div>\n\t\t<\/section>\n\t\t\t\t<section class=\"elementor-section elementor-top-section elementor-element elementor-element-b80ea06 elementor-section-boxed elementor-section-height-default elementor-section-height-default\" data-id=\"b80ea06\" data-element_type=\"section\" id=\"masinfo\" data-settings=\"{&quot;background_background&quot;:&quot;classic&quot;}\">\n\t\t\t\t\t\t<div class=\"elementor-container elementor-column-gap-default\">\n\t\t\t\t\t<div class=\"elementor-column elementor-col-100 elementor-top-column elementor-element elementor-element-3622fb4\" data-id=\"3622fb4\" data-element_type=\"column\">\n\t\t\t<div class=\"elementor-widget-wrap elementor-element-populated\">\n\t\t\t\t\t\t<section class=\"elementor-section elementor-inner-section elementor-element elementor-element-a698765 elementor-section-boxed elementor-section-height-default elementor-section-height-default\" data-id=\"a698765\" data-element_type=\"section\">\n\t\t\t\t\t\t<div class=\"elementor-container elementor-column-gap-default\">\n\t\t\t\t\t<div class=\"elementor-column elementor-col-100 elementor-inner-column elementor-element elementor-element-367f454\" data-id=\"367f454\" data-element_type=\"column\">\n\t\t\t<div class=\"elementor-widget-wrap elementor-element-populated\">\n\t\t\t\t\t\t<div class=\"elementor-element elementor-element-0852213 elementor-widget elementor-widget-spacer\" data-id=\"0852213\" data-element_type=\"widget\" data-widget_type=\"spacer.default\">\n\t\t\t\t<div class=\"elementor-widget-container\">\n\t\t\t\t\t\t\t<div class=\"elementor-spacer\">\n\t\t\t<div class=\"elementor-spacer-inner\"><\/div>\n\t\t<\/div>\n\t\t\t\t\t\t<\/div>\n\t\t\t\t<\/div>\n\t\t\t\t<div class=\"elementor-element elementor-element-afe0ff2 elementor-widget elementor-widget-heading\" data-id=\"afe0ff2\" data-element_type=\"widget\" data-widget_type=\"heading.default\">\n\t\t\t\t<div class=\"elementor-widget-container\">\n\t\t\t\t\t<h2 class=\"elementor-heading-title elementor-size-default\">Discovering Vilari\u00f1o de Conso<\/h2>\t\t\t\t<\/div>\n\t\t\t\t<\/div>\n\t\t\t\t<div class=\"elementor-element elementor-element-a07eb40 elementor-widget elementor-widget-spacer\" data-id=\"a07eb40\" data-element_type=\"widget\" data-widget_type=\"spacer.default\">\n\t\t\t\t<div class=\"elementor-widget-container\">\n\t\t\t\t\t\t\t<div class=\"elementor-spacer\">\n\t\t\t<div class=\"elementor-spacer-inner\"><\/div>\n\t\t<\/div>\n\t\t\t\t\t\t<\/div>\n\t\t\t\t<\/div>\n\t\t\t\t<div class=\"elementor-element elementor-element-9fae952 elementor-widget elementor-widget-text-editor\" data-id=\"9fae952\" data-element_type=\"widget\" data-widget_type=\"text-editor.default\">\n\t\t\t\t<div class=\"elementor-widget-container\">\n\t\t\t\t\t\t\t\t\t<p><strong>Vilari\u00f1o de Conso<\/strong> is located in the heart of the mountainous region, with elevations ranging from 630 meters to over 1,500 meters above sea level. Its landscape showcases interesting contrasts, offering a variety of options for those interested in nature activities or simply enjoying the surroundings. In this sense, O Invernadeiro, one of the six natural parks in Galicia, deserves special mention.<\/p>\t\t\t\t\t\t\t\t<\/div>\n\t\t\t\t<\/div>\n\t\t\t\t<div class=\"elementor-element elementor-element-9fcc9e3 elementor-widget elementor-widget-spacer\" data-id=\"9fcc9e3\" data-element_type=\"widget\" data-widget_type=\"spacer.default\">\n\t\t\t\t<div class=\"elementor-widget-container\">\n\t\t\t\t\t\t\t<div class=\"elementor-spacer\">\n\t\t\t<div class=\"elementor-spacer-inner\"><\/div>\n\t\t<\/div>\n\t\t\t\t\t\t<\/div>\n\t\t\t\t<\/div>\n\t\t\t\t<div class=\"elementor-element elementor-element-232a38f elementor-widget elementor-widget-gt3-core-animated-headlines\" data-id=\"232a38f\" data-element_type=\"widget\" data-widget_type=\"gt3-core-animated-headlines.default\">\n\t\t\t\t<div class=\"elementor-widget-container\">\n\t\t\t\t\t\t<div class=\"gt3-animated-headlines\">\r\n\t\t<h2 class=\"gt3-headline-title elementor-size-default\"><a href=\"https:\/\/www.vilarinodeconso.es\/index.php\/gl\/concello\/datos\" target=\"_blank\">Come <span class=\"gt3_headline_word gt3_headline_loop\">and discover it!<svg xmlns=\"https:\/\/www.w3.org\/2000\/svg\" viewbox=\"0 0 500 150\" preserveaspectratio=\"none\"><path d=\"m20.3,127.3c49.3,-3 142.7,-12.6 187.7,-12.4c120.9,-5.6 176.9,4.4 269.3,11.2c-122.2,-0.5 -274.1,-4.5 -385.3,8.9c80.6,-1.9 234.2,1 313.9,5.3c-56,1.4 -152.2,0.7 -216.1,8\" \/><\/svg><\/span><\/a><\/h2>\t<\/div>\r\n<script type=\"application\/json\" id=\"settings--232a38f\">{\"highlighter_interval\":8000,\"highlighter_duration\":1500,\"infinite_loop\":\"yes\"}<\/script>\t\t\t\t<\/div>\n\t\t\t\t<\/div>\n\t\t\t\t\t<\/div>\n\t\t<\/div>\n\t\t\t\t\t<\/div>\n\t\t<\/section>\n\t\t\t\t<section class=\"elementor-section elementor-inner-section elementor-element elementor-element-9361c2d elementor-section-boxed elementor-section-height-default elementor-section-height-default\" data-id=\"9361c2d\" data-element_type=\"section\">\n\t\t\t\t\t\t<div class=\"elementor-container elementor-column-gap-default\">\n\t\t\t\t\t<div class=\"elementor-column elementor-col-50 elementor-inner-column elementor-element elementor-element-4d83e88\" data-id=\"4d83e88\" data-element_type=\"column\">\n\t\t\t<div class=\"elementor-widget-wrap elementor-element-populated\">\n\t\t\t\t\t\t<div class=\"elementor-element elementor-element-e11bee7 elementor-widget elementor-widget-spacer\" data-id=\"e11bee7\" data-element_type=\"widget\" data-widget_type=\"spacer.default\">\n\t\t\t\t<div class=\"elementor-widget-container\">\n\t\t\t\t\t\t\t<div class=\"elementor-spacer\">\n\t\t\t<div class=\"elementor-spacer-inner\"><\/div>\n\t\t<\/div>\n\t\t\t\t\t\t<\/div>\n\t\t\t\t<\/div>\n\t\t\t\t<div class=\"elementor-element elementor-element-ad4b420 elementor-widget elementor-widget-heading\" data-id=\"ad4b420\" data-element_type=\"widget\" data-widget_type=\"heading.default\">\n\t\t\t\t<div class=\"elementor-widget-container\">\n\t\t\t\t\t<h2 class=\"elementor-heading-title elementor-size-default\">More info<\/h2>\t\t\t\t<\/div>\n\t\t\t\t<\/div>\n\t\t\t\t<div class=\"elementor-element elementor-element-5b18842 elementor-widget elementor-widget-spacer\" data-id=\"5b18842\" data-element_type=\"widget\" data-widget_type=\"spacer.default\">\n\t\t\t\t<div class=\"elementor-widget-container\">\n\t\t\t\t\t\t\t<div class=\"elementor-spacer\">\n\t\t\t<div class=\"elementor-spacer-inner\"><\/div>\n\t\t<\/div>\n\t\t\t\t\t\t<\/div>\n\t\t\t\t<\/div>\n\t\t\t\t<div class=\"elementor-element elementor-element-13aa75c elementor-widget elementor-widget-text-editor\" data-id=\"13aa75c\" data-element_type=\"widget\" data-widget_type=\"text-editor.default\">\n\t\t\t\t<div class=\"elementor-widget-container\">\n\t\t\t\t\t\t\t\t\t<p>For more information about dates and events of the Carnival in Vilari\u00f1o de Conso, please contact the Town Hall of the locality.<\/p>\t\t\t\t\t\t\t\t<\/div>\n\t\t\t\t<\/div>\n\t\t\t\t<div class=\"elementor-element elementor-element-900273b elementor-widget elementor-widget-spacer\" data-id=\"900273b\" data-element_type=\"widget\" data-widget_type=\"spacer.default\">\n\t\t\t\t<div class=\"elementor-widget-container\">\n\t\t\t\t\t\t\t<div class=\"elementor-spacer\">\n\t\t\t<div class=\"elementor-spacer-inner\"><\/div>\n\t\t<\/div>\n\t\t\t\t\t\t<\/div>\n\t\t\t\t<\/div>\n\t\t\t\t<div class=\"elementor-element elementor-element-43f9c58 elementor-position-left elementor-widget__width-auto elementor-widget-tablet__width-auto elementor-vertical-align-top elementor-widget elementor-widget-gt3-core-imagebox\" data-id=\"43f9c58\" data-element_type=\"widget\" data-widget_type=\"gt3-core-imagebox.default\">\n\t\t\t\t<div class=\"elementor-widget-container\">\n\t\t\t\t\t<div class=\"gt3-core-imagebox-wrapper elementor-image_icon-position-default\"><figure class=\"gt3-core-imagebox-img\"><img loading=\"lazy\" decoding=\"async\" width=\"58\" height=\"74\" src=\"https:\/\/xn--entroidodevilariodeconso-glc.gal\/wp-content\/uploads\/2020\/03\/img_box_29_orange.png\" class=\"attachment-full size-full wp-image-3492\" alt=\"\" title=\"Phone\" \/><\/figure><div class=\"gt3-core-imagebox-content\"><div class=\"gt3-core-imagebox-title\"><h6 class=\"gt3-core-imagebox-title\">Phone: 34 988 340 302 \/ 34 988 340 410<\/h6><\/div><p class=\"gt3-core-imagebox-description\">concello.vilarinodeconso@eidolocal.es\n<br><br><\/p><\/div><\/div>\t\t\t\t<\/div>\n\t\t\t\t<\/div>\n\t\t\t\t<div class=\"elementor-element elementor-element-95e519e elementor-position-left elementor-widget__width-auto elementor-widget-tablet__width-auto elementor-vertical-align-top elementor-widget elementor-widget-gt3-core-imagebox\" data-id=\"95e519e\" data-element_type=\"widget\" data-widget_type=\"gt3-core-imagebox.default\">\n\t\t\t\t<div class=\"elementor-widget-container\">\n\t\t\t\t\t<div class=\"gt3-core-imagebox-wrapper elementor-image_icon-position-default\"><figure class=\"gt3-core-imagebox-img\"><img loading=\"lazy\" decoding=\"async\" width=\"76\" height=\"74\" src=\"https:\/\/xn--entroidodevilariodeconso-glc.gal\/wp-content\/uploads\/2020\/03\/img_box_30_orange.png\" class=\"attachment-full size-full wp-image-3493\" alt=\"\" title=\"img_box_30_orange\" \/><\/figure><div class=\"gt3-core-imagebox-content\"><p class=\"gt3-core-imagebox-description\">R\u00faa Museo, 3<br>32557 Vilari\u00f1o de Conso<\/p><\/div><\/div>\t\t\t\t<\/div>\n\t\t\t\t<\/div>\n\t\t\t\t\t<\/div>\n\t\t<\/div>\n\t\t\t\t<div class=\"elementor-column elementor-col-50 elementor-inner-column elementor-element elementor-element-c7081b0\" data-id=\"c7081b0\" data-element_type=\"column\">\n\t\t\t<div class=\"elementor-widget-wrap elementor-element-populated\">\n\t\t\t\t\t\t<div class=\"elementor-element elementor-element-49b8303 elementor-widget elementor-widget-html\" data-id=\"49b8303\" data-element_type=\"widget\" data-widget_type=\"html.default\">\n\t\t\t\t<div class=\"elementor-widget-container\">\n\t\t\t\t\t<iframe src=\"https:\/\/www.google.com\/maps\/embed?pb=!1m18!1m12!1m3!1d3215.2574453544!2d-7.184626688225886!3d42.165975847221056!2m3!1f0!2f0!3f0!3m2!1i1024!2i768!4f13.1!3m3!1m2!1s0xd3a8f54594076ad%3A0x327cd9dd103a4504!2sConcello%20de%20Vilari%C3%B1o%20de%20Conso!5e1!3m2!1ses!2ses!4v1739969125894!5m2!1ses!2ses\" width=\"600\" height=\"450\" style=\"border:0;\" allowfullscreen=\"\" loading=\"lazy\" referrerpolicy=\"no-referrer-when-downgrade\"><\/iframe>\t\t\t\t<\/div>\n\t\t\t\t<\/div>\n\t\t\t\t\t<\/div>\n\t\t<\/div>\n\t\t\t\t\t<\/div>\n\t\t<\/section>\n\t\t\t\t<div class=\"elementor-element elementor-element-c83c821 elementor-widget-divider--view-line elementor-widget elementor-widget-divider\" data-id=\"c83c821\" data-element_type=\"widget\" data-widget_type=\"divider.default\">\n\t\t\t\t<div class=\"elementor-widget-container\">\n\t\t\t\t\t\t\t<div class=\"elementor-divider\">\n\t\t\t<span class=\"elementor-divider-separator\">\n\t\t\t\t\t\t<\/span>\n\t\t<\/div>\n\t\t\t\t\t\t<\/div>\n\t\t\t\t<\/div>\n\t\t\t\t\t<\/div>\n\t\t<\/div>\n\t\t\t\t\t<\/div>\n\t\t<\/section>\n\t\t\t\t<\/div>","protected":false},"excerpt":{"rendered":"<p>Bienvenido Entroido en Vilari\u00f1o de Conso 2026 Boteiros, lardeiro y lardeira, fuli\u00f3n y fuliadas, jueves de compadres y comadres y la Festa do Cabrito se dan la mano en una celebraci\u00f3n inolvidable. El Entroido de Vilari\u00f1o de Conso El Entroido es una de las principales festividades, -sino la principal- del municipio de Vilari\u00f1o de Conso. [&hellip;]<\/p>","protected":false},"author":1,"featured_media":0,"parent":0,"menu_order":0,"comment_status":"closed","ping_status":"closed","template":"","meta":{"iawp_total_views":3532,"footnotes":""},"class_list":["post-3425","page","type-page","status-publish","hentry"],"yoast_head":"<!-- This site is optimized with the Yoast SEO plugin v26.7 - https:\/\/yoast.com\/wordpress\/plugins\/seo\/ -->\n<title>Entroido de Vilari\u00f1o de Conso 2026.<\/title>\n<meta name=\"description\" content=\"Entroido en Vilari\u00f1o de Conso. El Entroido es una de las principales festividades, -si no la principal- del municipio de Vilari\u00f1o de Conso.\" \/>\n<meta name=\"robots\" content=\"index, follow, max-snippet:-1, max-image-preview:large, max-video-preview:-1\" \/>\n<link rel=\"canonical\" href=\"https:\/\/xn--entroidodevilariodeconso-glc.gal\/en\/\" \/>\n<meta property=\"og:locale\" content=\"en_GB\" \/>\n<meta property=\"og:type\" content=\"article\" \/>\n<meta property=\"og:title\" content=\"Entroido de Vilari\u00f1o de Conso 2026.\" \/>\n<meta property=\"og:description\" content=\"Entroido en Vilari\u00f1o de Conso. El Entroido es una de las principales festividades, -si no la principal- del municipio de Vilari\u00f1o de Conso.\" \/>\n<meta property=\"og:url\" content=\"https:\/\/xn--entroidodevilariodeconso-glc.gal\/en\/\" \/>\n<meta property=\"og:site_name\" content=\"Entroido Vilari&ntilde;o de Conso\" \/>\n<meta property=\"article:publisher\" content=\"https:\/\/www.facebook.com\/EntroidodeVilarinodeConso\" \/>\n<meta property=\"article:modified_time\" content=\"2026-01-18T14:11:28+00:00\" \/>\n<meta property=\"og:image\" content=\"https:\/\/xn--entroidodevilariodeconso-glc.gal\/wp-content\/uploads\/2024\/02\/Entroido-Vilarino-de-Conso.jpg\" \/>\n\t<meta property=\"og:image:width\" content=\"1056\" \/>\n\t<meta property=\"og:image:height\" content=\"750\" \/>\n\t<meta property=\"og:image:type\" content=\"image\/jpeg\" \/>\n<meta name=\"twitter:card\" content=\"summary_large_image\" \/>\n<meta name=\"twitter:site\" content=\"@entroidovdconso\" \/>\n<meta name=\"twitter:label1\" content=\"Estimated reading time\" \/>\n\t<meta name=\"twitter:data1\" content=\"18 minutes\" \/>\n<script type=\"application\/ld+json\" class=\"yoast-schema-graph\">{\"@context\":\"https:\/\/schema.org\",\"@graph\":[{\"@type\":\"WebPage\",\"@id\":\"https:\/\/xn--entroidodevilariodeconso-glc.gal\/\",\"url\":\"https:\/\/xn--entroidodevilariodeconso-glc.gal\",\"name\":\"Entroido de Vilari\u00f1o de Conso 2026.\",\"isPartOf\":{\"@id\":\"https:\/\/xn--entroidodevilariodeconso-glc.gal\/#website\"},\"primaryImageOfPage\":{\"@id\":\"https:\/\/xn--entroidodevilariodeconso-glc.gal#primaryimage\"},\"image\":{\"@id\":\"https:\/\/xn--entroidodevilariodeconso-glc.gal#primaryimage\"},\"thumbnailUrl\":\"https:\/\/xn--entroidodevilariodeconso-glc.gal\/wp-content\/uploads\/2024\/02\/Entroido-Vilarino-de-Conso.jpg\",\"datePublished\":\"2026-01-18T13:04:36+00:00\",\"dateModified\":\"2026-01-18T14:11:28+00:00\",\"description\":\"Entroido en Vilari\u00f1o de Conso. El Entroido es una de las principales festividades, -si no la principal- del municipio de Vilari\u00f1o de Conso.\",\"breadcrumb\":{\"@id\":\"https:\/\/xn--entroidodevilariodeconso-glc.gal#breadcrumb\"},\"inLanguage\":\"en-GB\",\"potentialAction\":[{\"@type\":\"ReadAction\",\"target\":[\"https:\/\/xn--entroidodevilariodeconso-glc.gal\"]}]},{\"@type\":\"ImageObject\",\"inLanguage\":\"en-GB\",\"@id\":\"https:\/\/xn--entroidodevilariodeconso-glc.gal#primaryimage\",\"url\":\"https:\/\/xn--entroidodevilariodeconso-glc.gal\/wp-content\/uploads\/2024\/02\/Entroido-Vilarino-de-Conso.jpg\",\"contentUrl\":\"https:\/\/xn--entroidodevilariodeconso-glc.gal\/wp-content\/uploads\/2024\/02\/Entroido-Vilarino-de-Conso.jpg\"},{\"@type\":\"BreadcrumbList\",\"@id\":\"https:\/\/xn--entroidodevilariodeconso-glc.gal#breadcrumb\",\"itemListElement\":[{\"@type\":\"ListItem\",\"position\":1,\"name\":\"Portada\",\"item\":\"https:\/\/xn--entroidodevilariodeconso-glc.gal\/\"},{\"@type\":\"ListItem\",\"position\":2,\"name\":\"Entroido de Vilari\u00f1o\"}]},{\"@type\":\"WebSite\",\"@id\":\"https:\/\/xn--entroidodevilariodeconso-glc.gal\/#website\",\"url\":\"https:\/\/xn--entroidodevilariodeconso-glc.gal\/\",\"name\":\"Entroido de Vilari\u00f1o de Conso\",\"description\":\"El Entroido es una de las principales festividades, -si no la principal- del municipio de Vilari&ntilde;o de Conso.\",\"potentialAction\":[{\"@type\":\"SearchAction\",\"target\":{\"@type\":\"EntryPoint\",\"urlTemplate\":\"https:\/\/xn--entroidodevilariodeconso-glc.gal\/?s={search_term_string}\"},\"query-input\":{\"@type\":\"PropertyValueSpecification\",\"valueRequired\":true,\"valueName\":\"search_term_string\"}}],\"inLanguage\":\"en-GB\"}]}<\/script>\n<!-- \/ Yoast SEO plugin. -->","yoast_head_json":{"title":"Entroido de Vilari\u00f1o de Conso 2026.","description":"Entroido en Vilari\u00f1o de Conso. El Entroido es una de las principales festividades, -si no la principal- del municipio de Vilari\u00f1o de Conso.","robots":{"index":"index","follow":"follow","max-snippet":"max-snippet:-1","max-image-preview":"max-image-preview:large","max-video-preview":"max-video-preview:-1"},"canonical":"https:\/\/xn--entroidodevilariodeconso-glc.gal\/en\/","og_locale":"en_GB","og_type":"article","og_title":"Entroido de Vilari\u00f1o de Conso 2026.","og_description":"Entroido en Vilari\u00f1o de Conso. El Entroido es una de las principales festividades, -si no la principal- del municipio de Vilari\u00f1o de Conso.","og_url":"https:\/\/xn--entroidodevilariodeconso-glc.gal\/en\/","og_site_name":"Entroido Vilari&ntilde;o de Conso","article_publisher":"https:\/\/www.facebook.com\/EntroidodeVilarinodeConso","article_modified_time":"2026-01-18T14:11:28+00:00","og_image":[{"width":1056,"height":750,"url":"https:\/\/xn--entroidodevilariodeconso-glc.gal\/wp-content\/uploads\/2024\/02\/Entroido-Vilarino-de-Conso.jpg","type":"image\/jpeg"}],"twitter_card":"summary_large_image","twitter_site":"@entroidovdconso","twitter_misc":{"Estimated reading time":"18 minutes"},"schema":{"@context":"https:\/\/schema.org","@graph":[{"@type":"WebPage","@id":"https:\/\/xn--entroidodevilariodeconso-glc.gal\/","url":"https:\/\/xn--entroidodevilariodeconso-glc.gal","name":"Entroido de Vilari\u00f1o de Conso 2026.","isPartOf":{"@id":"https:\/\/xn--entroidodevilariodeconso-glc.gal\/#website"},"primaryImageOfPage":{"@id":"https:\/\/xn--entroidodevilariodeconso-glc.gal#primaryimage"},"image":{"@id":"https:\/\/xn--entroidodevilariodeconso-glc.gal#primaryimage"},"thumbnailUrl":"https:\/\/xn--entroidodevilariodeconso-glc.gal\/wp-content\/uploads\/2024\/02\/Entroido-Vilarino-de-Conso.jpg","datePublished":"2026-01-18T13:04:36+00:00","dateModified":"2026-01-18T14:11:28+00:00","description":"Entroido en Vilari\u00f1o de Conso. El Entroido es una de las principales festividades, -si no la principal- del municipio de Vilari\u00f1o de Conso.","breadcrumb":{"@id":"https:\/\/xn--entroidodevilariodeconso-glc.gal#breadcrumb"},"inLanguage":"en-GB","potentialAction":[{"@type":"ReadAction","target":["https:\/\/xn--entroidodevilariodeconso-glc.gal"]}]},{"@type":"ImageObject","inLanguage":"en-GB","@id":"https:\/\/xn--entroidodevilariodeconso-glc.gal#primaryimage","url":"https:\/\/xn--entroidodevilariodeconso-glc.gal\/wp-content\/uploads\/2024\/02\/Entroido-Vilarino-de-Conso.jpg","contentUrl":"https:\/\/xn--entroidodevilariodeconso-glc.gal\/wp-content\/uploads\/2024\/02\/Entroido-Vilarino-de-Conso.jpg"},{"@type":"BreadcrumbList","@id":"https:\/\/xn--entroidodevilariodeconso-glc.gal#breadcrumb","itemListElement":[{"@type":"ListItem","position":1,"name":"Portada","item":"https:\/\/xn--entroidodevilariodeconso-glc.gal\/"},{"@type":"ListItem","position":2,"name":"Entroido de Vilari\u00f1o"}]},{"@type":"WebSite","@id":"https:\/\/xn--entroidodevilariodeconso-glc.gal\/#website","url":"https:\/\/xn--entroidodevilariodeconso-glc.gal\/","name":"Entroido de Vilari\u00f1o de Conso","description":"El Entroido es una de las principales festividades, -si no la principal- del municipio de Vilari&ntilde;o de Conso.","potentialAction":[{"@type":"SearchAction","target":{"@type":"EntryPoint","urlTemplate":"https:\/\/xn--entroidodevilariodeconso-glc.gal\/?s={search_term_string}"},"query-input":{"@type":"PropertyValueSpecification","valueRequired":true,"valueName":"search_term_string"}}],"inLanguage":"en-GB"}]}},"_links":{"self":[{"href":"https:\/\/xn--entroidodevilariodeconso-glc.gal\/en\/wp-json\/wp\/v2\/pages\/3425","targetHints":{"allow":["GET"]}}],"collection":[{"href":"https:\/\/xn--entroidodevilariodeconso-glc.gal\/en\/wp-json\/wp\/v2\/pages"}],"about":[{"href":"https:\/\/xn--entroidodevilariodeconso-glc.gal\/en\/wp-json\/wp\/v2\/types\/page"}],"author":[{"embeddable":true,"href":"https:\/\/xn--entroidodevilariodeconso-glc.gal\/en\/wp-json\/wp\/v2\/users\/1"}],"replies":[{"embeddable":true,"href":"https:\/\/xn--entroidodevilariodeconso-glc.gal\/en\/wp-json\/wp\/v2\/comments?post=3425"}],"version-history":[{"count":274,"href":"https:\/\/xn--entroidodevilariodeconso-glc.gal\/en\/wp-json\/wp\/v2\/pages\/3425\/revisions"}],"predecessor-version":[{"id":14095,"href":"https:\/\/xn--entroidodevilariodeconso-glc.gal\/en\/wp-json\/wp\/v2\/pages\/3425\/revisions\/14095"}],"wp:attachment":[{"href":"https:\/\/xn--entroidodevilariodeconso-glc.gal\/en\/wp-json\/wp\/v2\/media?parent=3425"}],"curies":[{"name":"wp","href":"https:\/\/api.w.org\/{rel}","templated":true}]}}